{"id":5580,"date":"2025-01-08T13:44:25","date_gmt":"2025-01-08T12:44:25","guid":{"rendered":"https:\/\/unser-aschbach.de\/staging2025\/?page_id=5580"},"modified":"2025-01-08T13:51:22","modified_gmt":"2025-01-08T12:51:22","slug":"beitraege","status":"publish","type":"page","link":"https:\/\/unser-aschbach.de\/staging2025\/beitraege\/","title":{"rendered":"Beitr\u00e4ge"},"content":{"rendered":"<ul class=\"wp-block-latest-posts__list is-grid columns-2 has-dates wp-block-latest-posts has-background has-white-background-color\"><li><div class=\"wp-block-latest-posts__featured-image alignleft\"><a href=\"https:\/\/unser-aschbach.de\/staging2025\/2025\/02\/19\/jagdgenossenschaft-aschbach-spendet-obstbaeume-2\/\" title=\"Jagdgenossenschaft Aschbach spendet Obstb\u00e4ume\"><img decoding=\"async\" width=\"150\" height=\"150\" src=\"https:\/\/i0.wp.com\/unser-aschbach.de\/staging2025\/wp-content\/uploads\/2025\/02\/20250212_173100.jpg?resize=150%2C150&amp;ssl=1\" class=\"attachment-thumbnail size-thumbnail wp-post-image\" alt=\"Julia mit Vater Hendrik mit ihrem Kirschb\u00e4umchen\" style=\"max-width:113px;max-height:113px;\" srcset=\"https:\/\/i0.wp.com\/unser-aschbach.de\/staging2025\/wp-content\/uploads\/2025\/02\/20250212_173100.jpg?resize=150%2C150&amp;ssl=1 150w, https:\/\/i0.wp.com\/unser-aschbach.de\/staging2025\/wp-content\/uploads\/2025\/02\/20250212_173100.jpg?zoom=2&amp;resize=150%2C150&amp;ssl=1 300w, https:\/\/i0.wp.com\/unser-aschbach.de\/staging2025\/wp-content\/uploads\/2025\/02\/20250212_173100.jpg?zoom=3&amp;resize=150%2C150&amp;ssl=1 450w\" sizes=\"(max-width: 150px) 100vw, 150px\" data-attachment-id=\"6074\" data-permalink=\"https:\/\/unser-aschbach.de\/staging2025\/20250212_173100\/\" data-orig-file=\"https:\/\/i0.wp.com\/unser-aschbach.de\/staging2025\/wp-content\/uploads\/2025\/02\/20250212_173100.jpg?fit=893%2C1200&amp;ssl=1\" data-orig-size=\"893,1200\" data-comments-opened=\"1\" data-image-meta=\"{&quot;aperture&quot;:&quot;1.8&quot;,&quot;credit&quot;:&quot;&quot;,&quot;camera&quot;:&quot;SM-S901B&quot;,&quot;caption&quot;:&quot;&quot;,&quot;created_timestamp&quot;:&quot;1739381460&quot;,&quot;copyright&quot;:&quot;&quot;,&quot;focal_length&quot;:&quot;5.4&quot;,&quot;iso&quot;:&quot;200&quot;,&quot;shutter_speed&quot;:&quot;0.00555555555556&quot;,&quot;title&quot;:&quot;&quot;,&quot;orientation&quot;:&quot;1&quot;}\" data-image-title=\"2025_Obstbaum_02\" data-image-description=\"&lt;p&gt;Julia mit Vater Hendrik mit ihrem Kirschb\u00e4umchen&lt;\/p&gt;\n\" data-image-caption=\"&lt;p&gt;Julia mit Vater Hendrik mit ihrem Kirschb\u00e4umchen&lt;\/p&gt;\n\" data-medium-file=\"https:\/\/i0.wp.com\/unser-aschbach.de\/staging2025\/wp-content\/uploads\/2025\/02\/20250212_173100.jpg?fit=223%2C300&amp;ssl=1\" data-large-file=\"https:\/\/i0.wp.com\/unser-aschbach.de\/staging2025\/wp-content\/uploads\/2025\/02\/20250212_173100.jpg?fit=762%2C1024&amp;ssl=1\" \/><\/a><\/div><a class=\"wp-block-latest-posts__post-title\" href=\"https:\/\/unser-aschbach.de\/staging2025\/2025\/02\/19\/jagdgenossenschaft-aschbach-spendet-obstbaeume-2\/\">Jagdgenossenschaft Aschbach spendet Obstb\u00e4ume<\/a><time datetime=\"2025-02-19T08:48:07+01:00\" class=\"wp-block-latest-posts__post-date\">19. Februar 2025<\/time><div class=\"wp-block-latest-posts__post-excerpt\">\u201eFlorina\u201c (Apfel), \u201eRegina\u201c (Kirsche), \u201eConference\u201c (Birne), Gro\u00dfe Prinzessin (Kirsche,s\u00fc\u00df) oder \u201eBurlat (Kirsche, fr\u00fch) \u2013 Das sind Obstb\u00e4ume, die sich die dreij\u00e4hrigen Aschbacher Kinder mit ihren Eltern 2024 ausgesucht hatten. Die Jagdgenossenschaft Aschbach hatte in ihrer Sitzung 2023 erstmalig auf Anregung des Jagdp\u00e4chters Willi Gajowski beschlossen, einen Teil des Jagdpachterl\u00f6ses an die Dorfgemeinschft zur\u00fcckflie\u00dfen zu lassen&#8230;.<p> <a class=\"continue-reading-link\" href=\"https:\/\/unser-aschbach.de\/staging2025\/2025\/02\/19\/jagdgenossenschaft-aschbach-spendet-obstbaeume-2\/\"><span>weiterlesen<\/span><i class=\"crycon-right-dir\"><\/i><\/a> <\/p><\/div><\/li>\n<li><div class=\"wp-block-latest-posts__featured-image alignleft\"><a href=\"https:\/\/unser-aschbach.de\/staging2025\/2025\/02\/12\/das-deutsche-sportabzeichen-2024\/\" title=\"Das Deutsche Sportabzeichen 2024\"><img decoding=\"async\" width=\"150\" height=\"150\" src=\"https:\/\/i0.wp.com\/unser-aschbach.de\/staging2025\/wp-content\/uploads\/2025\/02\/IMG_3104.jpg?resize=150%2C150&amp;ssl=1\" class=\"attachment-thumbnail size-thumbnail wp-post-image\" alt=\"\" style=\"max-width:113px;max-height:113px;\" srcset=\"https:\/\/i0.wp.com\/unser-aschbach.de\/staging2025\/wp-content\/uploads\/2025\/02\/IMG_3104.jpg?resize=150%2C150&amp;ssl=1 150w, https:\/\/i0.wp.com\/unser-aschbach.de\/staging2025\/wp-content\/uploads\/2025\/02\/IMG_3104.jpg?zoom=2&amp;resize=150%2C150&amp;ssl=1 300w, https:\/\/i0.wp.com\/unser-aschbach.de\/staging2025\/wp-content\/uploads\/2025\/02\/IMG_3104.jpg?zoom=3&amp;resize=150%2C150&amp;ssl=1 450w\" sizes=\"(max-width: 150px) 100vw, 150px\" data-attachment-id=\"6067\" data-permalink=\"https:\/\/unser-aschbach.de\/staging2025\/img_3104\/\" data-orig-file=\"https:\/\/i0.wp.com\/unser-aschbach.de\/staging2025\/wp-content\/uploads\/2025\/02\/IMG_3104.jpg?fit=1074%2C1200&amp;ssl=1\" data-orig-size=\"1074,1200\" data-comments-opened=\"1\" data-image-meta=\"{&quot;aperture&quot;:&quot;0&quot;,&quot;credit&quot;:&quot;&quot;,&quot;camera&quot;:&quot;&quot;,&quot;caption&quot;:&quot;&quot;,&quot;created_timestamp&quot;:&quot;0&quot;,&quot;copyright&quot;:&quot;&quot;,&quot;focal_length&quot;:&quot;0&quot;,&quot;iso&quot;:&quot;0&quot;,&quot;shutter_speed&quot;:&quot;0&quot;,&quot;title&quot;:&quot;&quot;,&quot;orientation&quot;:&quot;1&quot;}\" data-image-title=\"IMG_3104\" data-image-description=\"\" data-image-caption=\"\" data-medium-file=\"https:\/\/i0.wp.com\/unser-aschbach.de\/staging2025\/wp-content\/uploads\/2025\/02\/IMG_3104.jpg?fit=269%2C300&amp;ssl=1\" data-large-file=\"https:\/\/i0.wp.com\/unser-aschbach.de\/staging2025\/wp-content\/uploads\/2025\/02\/IMG_3104.jpg?fit=900%2C1006&amp;ssl=1\" \/><\/a><\/div><a class=\"wp-block-latest-posts__post-title\" href=\"https:\/\/unser-aschbach.de\/staging2025\/2025\/02\/12\/das-deutsche-sportabzeichen-2024\/\">Das Deutsche Sportabzeichen 2024<\/a><time datetime=\"2025-02-12T11:03:57+01:00\" class=\"wp-block-latest-posts__post-date\">12. Februar 2025<\/time><div class=\"wp-block-latest-posts__post-excerpt\">Aschbach ist stark vertreten Das deutsche Sportabzeichen ist eine Auszeichnung f\u00fcr \u00fcberdurchschnittliche und vielseitig k\u00f6rperliche Leistungsf\u00e4higkeit. Die individuelle Fitness wird \u2013 anders als bei vielen anderen Pr\u00fcfungen \u2013 anhand der vier motorischen Grundf\u00e4higkeiten \u00fcberpr\u00fcft und ist damit so vielseitig wie keine andere Sportpr\u00fcfung. In den vier Grundf\u00e4higkeiten Ausdauer, Kraft, Schnelligkeit und Koordination, verbunden mit der&#8230;<p> <a class=\"continue-reading-link\" href=\"https:\/\/unser-aschbach.de\/staging2025\/2025\/02\/12\/das-deutsche-sportabzeichen-2024\/\"><span>weiterlesen<\/span><i class=\"crycon-right-dir\"><\/i><\/a> <\/p><\/div><\/li>\n<li><div class=\"wp-block-latest-posts__featured-image alignleft\"><a href=\"https:\/\/unser-aschbach.de\/staging2025\/2025\/02\/06\/grussworte-des-ortsvorstehers\/\" title=\"Gru\u00dfworte des Ortsvorstehers\"><img decoding=\"async\" width=\"150\" height=\"150\" src=\"https:\/\/i0.wp.com\/unser-aschbach.de\/staging2025\/wp-content\/uploads\/2025\/02\/OV.png?resize=150%2C150&amp;ssl=1\" class=\"attachment-thumbnail size-thumbnail wp-post-image\" alt=\"Ortsvorsteher Josef Nickolai\" style=\"max-width:113px;max-height:113px;\" srcset=\"https:\/\/i0.wp.com\/unser-aschbach.de\/staging2025\/wp-content\/uploads\/2025\/02\/OV.png?resize=150%2C150&amp;ssl=1 150w, https:\/\/i0.wp.com\/unser-aschbach.de\/staging2025\/wp-content\/uploads\/2025\/02\/OV.png?zoom=2&amp;resize=150%2C150&amp;ssl=1 300w\" sizes=\"(max-width: 150px) 100vw, 150px\" data-attachment-id=\"6062\" data-permalink=\"https:\/\/unser-aschbach.de\/staging2025\/ov\/\" data-orig-file=\"https:\/\/i0.wp.com\/unser-aschbach.de\/staging2025\/wp-content\/uploads\/2025\/02\/OV.png?fit=413%2C620&amp;ssl=1\" data-orig-size=\"413,620\" data-comments-opened=\"1\" data-image-meta=\"{&quot;aperture&quot;:&quot;0&quot;,&quot;credit&quot;:&quot;&quot;,&quot;camera&quot;:&quot;&quot;,&quot;caption&quot;:&quot;&quot;,&quot;created_timestamp&quot;:&quot;0&quot;,&quot;copyright&quot;:&quot;&quot;,&quot;focal_length&quot;:&quot;0&quot;,&quot;iso&quot;:&quot;0&quot;,&quot;shutter_speed&quot;:&quot;0&quot;,&quot;title&quot;:&quot;&quot;,&quot;orientation&quot;:&quot;0&quot;}\" data-image-title=\"Ortsvorsteher\" data-image-description=\"&lt;p&gt;Ortsvorsteher Josef Nickolai&lt;\/p&gt;\n\" data-image-caption=\"&lt;p&gt;Ortsvorsteher Josef Nickolai&lt;\/p&gt;\n\" data-medium-file=\"https:\/\/i0.wp.com\/unser-aschbach.de\/staging2025\/wp-content\/uploads\/2025\/02\/OV.png?fit=200%2C300&amp;ssl=1\" data-large-file=\"https:\/\/i0.wp.com\/unser-aschbach.de\/staging2025\/wp-content\/uploads\/2025\/02\/OV.png?fit=413%2C620&amp;ssl=1\" \/><\/a><\/div><a class=\"wp-block-latest-posts__post-title\" href=\"https:\/\/unser-aschbach.de\/staging2025\/2025\/02\/06\/grussworte-des-ortsvorstehers\/\">Gru\u00dfworte des Ortsvorstehers<\/a><time datetime=\"2025-02-06T09:41:38+01:00\" class=\"wp-block-latest-posts__post-date\">6. Februar 2025<\/time><div class=\"wp-block-latest-posts__post-excerpt\">Sehr geehrte Besucherinnen und Besucher unseres Internet-Portals! Liebe Mitb\u00fcrgerinnen und Mitb\u00fcrger! Seit 10 Jahren versorgt Sie unsere Internet-Portal unser-aschbach.de mit aktuellen und historischen Informationen unseres d\u00f6rflichen Lebens in Aschbach. Nachdem unsere Mitb\u00fcrgerin Hildegard Gro\u00df 10 Jahre diese Plattform ehrenamtlich betreut und gepflegt hat, liegt dies nun ab 2025 in den H\u00e4nden unseres Ortsratsmitgliedes Peter Hempel&#8230;.<p> <a class=\"continue-reading-link\" href=\"https:\/\/unser-aschbach.de\/staging2025\/2025\/02\/06\/grussworte-des-ortsvorstehers\/\"><span>weiterlesen<\/span><i class=\"crycon-right-dir\"><\/i><\/a> <\/p><\/div><\/li>\n<li><div class=\"wp-block-latest-posts__featured-image alignleft\"><a href=\"https:\/\/unser-aschbach.de\/staging2025\/2025\/02\/03\/wlan-im-gebaeude-der-ehemaligen-grundschule\/\" title=\"WLAN im Geb\u00e4ude der ehemaligen Grundschule\"><img decoding=\"async\" width=\"150\" height=\"150\" src=\"https:\/\/i0.wp.com\/unser-aschbach.de\/staging2025\/wp-content\/uploads\/2025\/02\/WLAN_Stadt_Hotspot.jpg?resize=150%2C150&amp;ssl=1\" class=\"attachment-thumbnail size-thumbnail wp-post-image\" alt=\"\" style=\"max-width:113px;max-height:113px;\" data-attachment-id=\"6040\" data-permalink=\"https:\/\/unser-aschbach.de\/staging2025\/2025\/02\/03\/wlan-im-gebaeude-der-ehemaligen-grundschule\/wlan_stadt_hotspot\/\" data-orig-file=\"https:\/\/i0.wp.com\/unser-aschbach.de\/staging2025\/wp-content\/uploads\/2025\/02\/WLAN_Stadt_Hotspot.jpg?fit=275%2C377&amp;ssl=1\" data-orig-size=\"275,377\" data-comments-opened=\"1\" data-image-meta=\"{&quot;aperture&quot;:&quot;0&quot;,&quot;credit&quot;:&quot;&quot;,&quot;camera&quot;:&quot;&quot;,&quot;caption&quot;:&quot;&quot;,&quot;created_timestamp&quot;:&quot;0&quot;,&quot;copyright&quot;:&quot;&quot;,&quot;focal_length&quot;:&quot;0&quot;,&quot;iso&quot;:&quot;0&quot;,&quot;shutter_speed&quot;:&quot;0&quot;,&quot;title&quot;:&quot;&quot;,&quot;orientation&quot;:&quot;0&quot;}\" data-image-title=\"WLAN_Stadt_Hotspot\" data-image-description=\"\" data-image-caption=\"\" data-medium-file=\"https:\/\/i0.wp.com\/unser-aschbach.de\/staging2025\/wp-content\/uploads\/2025\/02\/WLAN_Stadt_Hotspot.jpg?fit=219%2C300&amp;ssl=1\" data-large-file=\"https:\/\/i0.wp.com\/unser-aschbach.de\/staging2025\/wp-content\/uploads\/2025\/02\/WLAN_Stadt_Hotspot.jpg?fit=275%2C377&amp;ssl=1\" \/><\/a><\/div><a class=\"wp-block-latest-posts__post-title\" href=\"https:\/\/unser-aschbach.de\/staging2025\/2025\/02\/03\/wlan-im-gebaeude-der-ehemaligen-grundschule\/\">WLAN im Geb\u00e4ude der ehemaligen Grundschule<\/a><time datetime=\"2025-02-03T12:46:09+01:00\" class=\"wp-block-latest-posts__post-date\">3. Februar 2025<\/time><div class=\"wp-block-latest-posts__post-excerpt\">Die Stadt Lebach hat in den Vereinsr\u00e4umen einen WLAN-Hotspot mit Internetzugang eingerichtet. Neben dem passwortgesch\u00fctzten WLAN in der Mehrzweckhalle k\u00f6nnen Vereinsmitglieder und Besucher auch im restlichen Geb\u00e4ude der ehemaligen Grundschule den &#8222;Stadt Lebach Hotspot&#8220; ohne Eingabe eines Passworts nutzen. Nach Akzeptieren der Gesch\u00e4ftsbedingungen in einem beliebigen Browser steht unbeschr\u00e4nkter Zugriff auf das Internet f\u00fcr eine&#8230;<p> <a class=\"continue-reading-link\" href=\"https:\/\/unser-aschbach.de\/staging2025\/2025\/02\/03\/wlan-im-gebaeude-der-ehemaligen-grundschule\/\"><span>weiterlesen<\/span><i class=\"crycon-right-dir\"><\/i><\/a> <\/p><\/div><\/li>\n<li><div class=\"wp-block-latest-posts__featured-image alignleft\"><a href=\"https:\/\/unser-aschbach.de\/staging2025\/2025\/01\/09\/hier-steht-ein-titel\/\" title=\"Unsere Website in frischem Design!\"><img decoding=\"async\" width=\"150\" height=\"150\" src=\"https:\/\/i0.wp.com\/unser-aschbach.de\/staging2025\/wp-content\/uploads\/2025\/01\/screenshot-unser-aschbach.de-2025.01.jpg?resize=150%2C150&amp;ssl=1\" class=\"attachment-thumbnail size-thumbnail wp-post-image\" alt=\"Alte Website unser-aschbach.de\" style=\"max-width:113px;max-height:113px;\" srcset=\"https:\/\/i0.wp.com\/unser-aschbach.de\/staging2025\/wp-content\/uploads\/2025\/01\/screenshot-unser-aschbach.de-2025.01.jpg?w=1200&amp;ssl=1 1200w, https:\/\/i0.wp.com\/unser-aschbach.de\/staging2025\/wp-content\/uploads\/2025\/01\/screenshot-unser-aschbach.de-2025.01.jpg?resize=300%2C300&amp;ssl=1 300w, https:\/\/i0.wp.com\/unser-aschbach.de\/staging2025\/wp-content\/uploads\/2025\/01\/screenshot-unser-aschbach.de-2025.01.jpg?resize=1024%2C1024&amp;ssl=1 1024w, https:\/\/i0.wp.com\/unser-aschbach.de\/staging2025\/wp-content\/uploads\/2025\/01\/screenshot-unser-aschbach.de-2025.01.jpg?resize=150%2C150&amp;ssl=1 150w, https:\/\/i0.wp.com\/unser-aschbach.de\/staging2025\/wp-content\/uploads\/2025\/01\/screenshot-unser-aschbach.de-2025.01.jpg?resize=768%2C768&amp;ssl=1 768w\" sizes=\"(max-width: 150px) 100vw, 150px\" data-attachment-id=\"5723\" data-permalink=\"https:\/\/unser-aschbach.de\/staging2025\/2025\/01\/09\/hier-steht-ein-titel\/screenshot-unser-aschbach-de-2025-01\/\" data-orig-file=\"https:\/\/i0.wp.com\/unser-aschbach.de\/staging2025\/wp-content\/uploads\/2025\/01\/screenshot-unser-aschbach.de-2025.01.jpg?fit=1200%2C1200&amp;ssl=1\" data-orig-size=\"1200,1200\" data-comments-opened=\"1\" data-image-meta=\"{&quot;aperture&quot;:&quot;0&quot;,&quot;credit&quot;:&quot;&quot;,&quot;camera&quot;:&quot;&quot;,&quot;caption&quot;:&quot;&quot;,&quot;created_timestamp&quot;:&quot;0&quot;,&quot;copyright&quot;:&quot;&quot;,&quot;focal_length&quot;:&quot;0&quot;,&quot;iso&quot;:&quot;0&quot;,&quot;shutter_speed&quot;:&quot;0&quot;,&quot;title&quot;:&quot;&quot;,&quot;orientation&quot;:&quot;0&quot;}\" data-image-title=\"screenshot-unser-aschbach.de-2025.01\" data-image-description=\"&lt;p&gt;Alte Website unser-aschbach.de&lt;\/p&gt;\n\" data-image-caption=\"&lt;p&gt;Alte Website unser-aschbach.de&lt;\/p&gt;\n\" data-medium-file=\"https:\/\/i0.wp.com\/unser-aschbach.de\/staging2025\/wp-content\/uploads\/2025\/01\/screenshot-unser-aschbach.de-2025.01.jpg?fit=300%2C300&amp;ssl=1\" data-large-file=\"https:\/\/i0.wp.com\/unser-aschbach.de\/staging2025\/wp-content\/uploads\/2025\/01\/screenshot-unser-aschbach.de-2025.01.jpg?fit=900%2C900&amp;ssl=1\" \/><\/a><\/div><a class=\"wp-block-latest-posts__post-title\" href=\"https:\/\/unser-aschbach.de\/staging2025\/2025\/01\/09\/hier-steht-ein-titel\/\">Unsere Website in frischem Design!<\/a><time datetime=\"2025-01-09T15:43:14+01:00\" class=\"wp-block-latest-posts__post-date\">9. Januar 2025<\/time><div class=\"wp-block-latest-posts__post-excerpt\">Liebe Aschbacherinnen und Aschbacher, liebe G\u00e4ste, wir freuen uns, euch unsere neu gestaltete Website vorzustellen! Nach intensiver Planung und Arbeit ist es soweit: Aschbach hat nun einen modernen und benutzerfreundlichen Online-Auftritt, der euch \u00fcber alles Wissenswerte rund um unser sch\u00f6nes Dorf informiert. Was ist neu? Neu auf unserer Website: Forum f\u00fcr Austausch und Mitgestaltung! wir&#8230;<p> <a class=\"continue-reading-link\" href=\"https:\/\/unser-aschbach.de\/staging2025\/2025\/01\/09\/hier-steht-ein-titel\/\"><span>weiterlesen<\/span><i class=\"crycon-right-dir\"><\/i><\/a> <\/p><\/div><\/li>\n<li><div class=\"wp-block-latest-posts__featured-image alignleft\"><a href=\"https:\/\/unser-aschbach.de\/staging2025\/2024\/03\/30\/josefstag-2024\/\" title=\"Josefstag 2024\"><img decoding=\"async\" width=\"150\" height=\"150\" src=\"https:\/\/i0.wp.com\/unser-aschbach.de\/staging2025\/wp-content\/uploads\/2024\/03\/DSC_0889-scaled.jpg?resize=150%2C150&amp;ssl=1\" class=\"attachment-thumbnail size-thumbnail wp-post-image\" alt=\"\" style=\"max-width:113px;max-height:113px;\" srcset=\"https:\/\/i0.wp.com\/unser-aschbach.de\/staging2025\/wp-content\/uploads\/2024\/03\/DSC_0889-scaled.jpg?resize=150%2C150&amp;ssl=1 150w, https:\/\/i0.wp.com\/unser-aschbach.de\/staging2025\/wp-content\/uploads\/2024\/03\/DSC_0889-scaled.jpg?zoom=2&amp;resize=150%2C150&amp;ssl=1 300w, https:\/\/i0.wp.com\/unser-aschbach.de\/staging2025\/wp-content\/uploads\/2024\/03\/DSC_0889-scaled.jpg?zoom=3&amp;resize=150%2C150&amp;ssl=1 450w\" sizes=\"(max-width: 150px) 100vw, 150px\" data-attachment-id=\"5469\" data-permalink=\"https:\/\/unser-aschbach.de\/staging2025\/2024\/03\/30\/josefstag-2024\/dsc_0889\/\" data-orig-file=\"https:\/\/i0.wp.com\/unser-aschbach.de\/staging2025\/wp-content\/uploads\/2024\/03\/DSC_0889-scaled.jpg?fit=800%2C1200&amp;ssl=1\" data-orig-size=\"800,1200\" data-comments-opened=\"1\" data-image-meta=\"{&quot;aperture&quot;:&quot;5&quot;,&quot;credit&quot;:&quot;&quot;,&quot;camera&quot;:&quot;NIKON D3100&quot;,&quot;caption&quot;:&quot;&quot;,&quot;created_timestamp&quot;:&quot;1489947623&quot;,&quot;copyright&quot;:&quot;&quot;,&quot;focal_length&quot;:&quot;38&quot;,&quot;iso&quot;:&quot;2800&quot;,&quot;shutter_speed&quot;:&quot;0.0166666666667&quot;,&quot;title&quot;:&quot;&quot;,&quot;orientation&quot;:&quot;1&quot;}\" data-image-title=\"DSC_0889\" data-image-description=\"\" data-image-caption=\"\" data-medium-file=\"https:\/\/i0.wp.com\/unser-aschbach.de\/staging2025\/wp-content\/uploads\/2024\/03\/DSC_0889-scaled.jpg?fit=200%2C300&amp;ssl=1\" data-large-file=\"https:\/\/i0.wp.com\/unser-aschbach.de\/staging2025\/wp-content\/uploads\/2024\/03\/DSC_0889-scaled.jpg?fit=683%2C1024&amp;ssl=1\" \/><\/a><\/div><a class=\"wp-block-latest-posts__post-title\" href=\"https:\/\/unser-aschbach.de\/staging2025\/2024\/03\/30\/josefstag-2024\/\">Josefstag 2024<\/a><time datetime=\"2024-03-30T21:38:44+01:00\" class=\"wp-block-latest-posts__post-date\">30. M\u00e4rz 2024<\/time><div class=\"wp-block-latest-posts__post-excerpt\">Bei bestem Wanderwetter machten sich am Josefstag die Aschbacher Josefs zu ihrer traditionellen Wallfahrt auf. Seit 2015 wandert die Josefsschar am 19. M\u00c4RZ, dem Josefstag, zur Macherbacher Josefs-Kapelle. Im neunten Jahr wanderten die Josefs dienstags von der KITA durch den \u201eHenselhofer Wald\u201c an der \u201eSchiedung\u201c vorbei in Richtung Kapelle. Hier angekommen, ert\u00f6nte mit kr\u00e4ftigen Stimmen:&#8230;<p> <a class=\"continue-reading-link\" href=\"https:\/\/unser-aschbach.de\/staging2025\/2024\/03\/30\/josefstag-2024\/\"><span>weiterlesen<\/span><i class=\"crycon-right-dir\"><\/i><\/a> <\/p><\/div><\/li>\n<\/ul><div class=\"shariff shariff-align-flex-start shariff-widget-align-flex-start\"><ul class=\"shariff-buttons theme-round orientation-horizontal buttonsize-medium\"><li class=\"shariff-button mailto shariff-nocustomcolor\" style=\"background-color:#a8a8a8\"><a href=\"mailto:?body=https%3A%2F%2Funser-aschbach.de%2Fstaging2025%2Fbeitraege%2F&subject=Beitr%C3%A4ge\" title=\"Per E-Mail versenden\" aria-label=\"Per E-Mail versenden\" role=\"button\" rel=\"noopener nofollow\" class=\"shariff-link\" style=\"; background-color:#999; color:#fff\"><span class=\"shariff-icon\" style=\"\"><svg width=\"32px\" height=\"20px\" xmlns=\"http:\/\/www.w3.org\/2000\/svg\" viewBox=\"0 0 32 32\"><path fill=\"#999\" d=\"M32 12.7v14.2q0 1.2-0.8 2t-2 0.9h-26.3q-1.2 0-2-0.9t-0.8-2v-14.2q0.8 0.9 1.8 1.6 6.5 4.4 8.9 6.1 1 0.8 1.6 1.2t1.7 0.9 2 0.4h0.1q0.9 0 2-0.4t1.7-0.9 1.6-1.2q3-2.2 8.9-6.1 1-0.7 1.8-1.6zM32 7.4q0 1.4-0.9 2.7t-2.2 2.2q-6.7 4.7-8.4 5.8-0.2 0.1-0.7 0.5t-1 0.7-0.9 0.6-1.1 0.5-0.9 0.2h-0.1q-0.4 0-0.9-0.2t-1.1-0.5-0.9-0.6-1-0.7-0.7-0.5q-1.6-1.1-4.7-3.2t-3.6-2.6q-1.1-0.7-2.1-2t-1-2.5q0-1.4 0.7-2.3t2.1-0.9h26.3q1.2 0 2 0.8t0.9 2z\"\/><\/svg><\/span><\/a><\/li><li class=\"shariff-button facebook shariff-nocustomcolor\" style=\"background-color:#4273c8\"><a href=\"https:\/\/www.facebook.com\/sharer\/sharer.php?u=https%3A%2F%2Funser-aschbach.de%2Fstaging2025%2Fbeitraege%2F\" title=\"Bei Facebook teilen\" aria-label=\"Bei Facebook teilen\" role=\"button\" rel=\"nofollow\" class=\"shariff-link\" style=\"; background-color:#3b5998; color:#fff\" target=\"_blank\"><span class=\"shariff-icon\" style=\"\"><svg width=\"32px\" height=\"20px\" xmlns=\"http:\/\/www.w3.org\/2000\/svg\" viewBox=\"0 0 18 32\"><path fill=\"#3b5998\" d=\"M17.1 0.2v4.7h-2.8q-1.5 0-2.1 0.6t-0.5 1.9v3.4h5.2l-0.7 5.3h-4.5v13.6h-5.5v-13.6h-4.5v-5.3h4.5v-3.9q0-3.3 1.9-5.2t5-1.8q2.6 0 4.1 0.2z\"\/><\/svg><\/span><\/a><\/li><li class=\"shariff-button whatsapp shariff-nocustomcolor\" style=\"background-color:#5cbe4a\"><a href=\"https:\/\/api.whatsapp.com\/send?text=https%3A%2F%2Funser-aschbach.de%2Fstaging2025%2Fbeitraege%2F%20Beitr%C3%A4ge\" title=\"Bei Whatsapp teilen\" aria-label=\"Bei Whatsapp teilen\" role=\"button\" rel=\"noopener nofollow\" class=\"shariff-link\" style=\"; background-color:#34af23; color:#fff\" target=\"_blank\"><span class=\"shariff-icon\" style=\"\"><svg width=\"32px\" height=\"20px\" xmlns=\"http:\/\/www.w3.org\/2000\/svg\" viewBox=\"0 0 32 32\"><path fill=\"#34af23\" d=\"M17.6 17.4q0.2 0 1.7 0.8t1.6 0.9q0 0.1 0 0.3 0 0.6-0.3 1.4-0.3 0.7-1.3 1.2t-1.8 0.5q-1 0-3.4-1.1-1.7-0.8-3-2.1t-2.6-3.3q-1.3-1.9-1.3-3.5v-0.1q0.1-1.6 1.3-2.8 0.4-0.4 0.9-0.4 0.1 0 0.3 0t0.3 0q0.3 0 0.5 0.1t0.3 0.5q0.1 0.4 0.6 1.6t0.4 1.3q0 0.4-0.6 1t-0.6 0.8q0 0.1 0.1 0.3 0.6 1.3 1.8 2.4 1 0.9 2.7 1.8 0.2 0.1 0.4 0.1 0.3 0 1-0.9t0.9-0.9zM14 26.9q2.3 0 4.3-0.9t3.6-2.4 2.4-3.6 0.9-4.3-0.9-4.3-2.4-3.6-3.6-2.4-4.3-0.9-4.3 0.9-3.6 2.4-2.4 3.6-0.9 4.3q0 3.6 2.1 6.6l-1.4 4.2 4.3-1.4q2.8 1.9 6.2 1.9zM14 2.2q2.7 0 5.2 1.1t4.3 2.9 2.9 4.3 1.1 5.2-1.1 5.2-2.9 4.3-4.3 2.9-5.2 1.1q-3.5 0-6.5-1.7l-7.4 2.4 2.4-7.2q-1.9-3.2-1.9-6.9 0-2.7 1.1-5.2t2.9-4.3 4.3-2.9 5.2-1.1z\"\/><\/svg><\/span><\/a><\/li><\/ul><\/div>","protected":false},"excerpt":{"rendered":"<p> <a class=\"continue-reading-link\" href=\"https:\/\/unser-aschbach.de\/staging2025\/beitraege\/\"><span>weiterlesen<\/span><i class=\"crycon-right-dir\"><\/i><\/a> <\/p>\n","protected":false},"author":24782,"featured_media":0,"parent":0,"menu_order":0,"comment_status":"closed","ping_status":"closed","template":"templates\/template-blog.php","meta":{"jetpack_post_was_ever_published":false,"footnotes":""},"class_list":["post-5580","page","type-page","status-publish","hentry"],"jetpack_shortlink":"https:\/\/wp.me\/PggZrZ-1s0","jetpack-related-posts":[{"id":982,"url":"https:\/\/unser-aschbach.de\/staging2025\/fotoalbum\/wer-kann-sich-erinnern\/","url_meta":{"origin":5580,"position":0},"title":"Wer kann sich erinnern&#8230;","author":"Someone","date":"12. Februar 2015","format":false,"excerpt":"Auf dieser Seite stelle ich alte Fotos ein, zu denen es noch Informationsbedarf gibt. Wenn jemand zu den Bildern etwas weiss, w\u00e4re es toll, diese Informationen mitzuteilen - entweder als Kommentar zu diesem Beitrag oder \u00fcber das Kontaktformular. \u00a0 Dieses Foto stammt aus dem Jahre 1955. Wenn man das Bild\u2026","rel":"","context":"Mit 2 Kommentaren","block_context":{"text":"Mit 2 Kommentaren","link":"https:\/\/unser-aschbach.de\/staging2025\/fotoalbum\/wer-kann-sich-erinnern\/#comments"},"img":{"alt_text":"","src":"https:\/\/i0.wp.com\/unser-aschbach.de\/staging2025\/wp-content\/uploads\/2015\/02\/Ansicht-Kirche.jpg?resize=350%2C200","width":350,"height":200,"srcset":"https:\/\/i0.wp.com\/unser-aschbach.de\/staging2025\/wp-content\/uploads\/2015\/02\/Ansicht-Kirche.jpg?resize=350%2C200 1x, https:\/\/i0.wp.com\/unser-aschbach.de\/staging2025\/wp-content\/uploads\/2015\/02\/Ansicht-Kirche.jpg?resize=525%2C300 1.5x, https:\/\/i0.wp.com\/unser-aschbach.de\/staging2025\/wp-content\/uploads\/2015\/02\/Ansicht-Kirche.jpg?resize=700%2C400 2x, https:\/\/i0.wp.com\/unser-aschbach.de\/staging2025\/wp-content\/uploads\/2015\/02\/Ansicht-Kirche.jpg?resize=1050%2C600 3x"},"classes":[]},{"id":807,"url":"https:\/\/unser-aschbach.de\/staging2025\/vereine-2\/","url_meta":{"origin":5580,"position":1},"title":"Vereine und Parteien","author":"Someone","date":"15. Januar 2015","format":false,"excerpt":"Aschbach kann stolz sein auf eine rege Vereinst\u00e4tigkeit. Es wird ein breites Spektrum an Aktivit\u00e4ten f\u00fcr jung und alt angeboten. Ob sportlich, kulturell, kirchlich, kreativ, sozial, gemeinn\u00fctzig, politisch...(fast) alles ist vertreten in Aschbach. Dabei kommt diese breite Palette an Angeboten nicht nur denjenigen zugute, die f\u00fcr sich selbst eine sinnvolle\u2026","rel":"","context":"Mit 2 Kommentaren","block_context":{"text":"Mit 2 Kommentaren","link":"https:\/\/unser-aschbach.de\/staging2025\/vereine-2\/#comments"},"img":{"alt_text":"","src":"https:\/\/i0.wp.com\/unser-aschbach.de\/staging2025\/wp-content\/uploads\/2015\/01\/Wappenwand_bearbeitet1.jpg?fit=1200%2C336&ssl=1&resize=350%2C200","width":350,"height":200,"srcset":"https:\/\/i0.wp.com\/unser-aschbach.de\/staging2025\/wp-content\/uploads\/2015\/01\/Wappenwand_bearbeitet1.jpg?fit=1200%2C336&ssl=1&resize=350%2C200 1x, https:\/\/i0.wp.com\/unser-aschbach.de\/staging2025\/wp-content\/uploads\/2015\/01\/Wappenwand_bearbeitet1.jpg?fit=1200%2C336&ssl=1&resize=525%2C300 1.5x, https:\/\/i0.wp.com\/unser-aschbach.de\/staging2025\/wp-content\/uploads\/2015\/01\/Wappenwand_bearbeitet1.jpg?fit=1200%2C336&ssl=1&resize=700%2C400 2x, https:\/\/i0.wp.com\/unser-aschbach.de\/staging2025\/wp-content\/uploads\/2015\/01\/Wappenwand_bearbeitet1.jpg?fit=1200%2C336&ssl=1&resize=1050%2C600 3x"},"classes":[]},{"id":840,"url":"https:\/\/unser-aschbach.de\/staging2025\/alte-haeuser-und-gebaeude\/","url_meta":{"origin":5580,"position":2},"title":"Alte H\u00e4user und Geb\u00e4ude","author":"Someone","date":"22. Januar 2015","format":false,"excerpt":"Die nachfolgende Fotogalerie zeigt (von links) Bild 1 - das urspr\u00fcngliche\u00a0Gesch\u00e4ftshaus von Karl Conrad in der Br\u00fcmburgstra\u00dfe; Bild 2 - im Hintergrund das umgebaute Gesch\u00e4ftshaus\u00a0von Karl Konrad; im Vordergrund das \u00a0ehemalige\u00a0 Haus von Philipp Stre\u00dfer (\"Hunjes Philipp\"), von der Waldstra\u00dfe aus gesehen. Bild 3 - im Hintergrund das ehemalige Haus\u2026","rel":"","context":"\u00c4hnlicher Beitrag","block_context":{"text":"\u00c4hnlicher Beitrag","link":""},"img":{"alt_text":"","src":"https:\/\/i0.wp.com\/unser-aschbach.de\/staging2025\/wp-content\/uploads\/2015\/01\/Altes-Haus-Conrad.jpg?resize=350%2C200","width":350,"height":200,"srcset":"https:\/\/i0.wp.com\/unser-aschbach.de\/staging2025\/wp-content\/uploads\/2015\/01\/Altes-Haus-Conrad.jpg?resize=350%2C200 1x, https:\/\/i0.wp.com\/unser-aschbach.de\/staging2025\/wp-content\/uploads\/2015\/01\/Altes-Haus-Conrad.jpg?resize=525%2C300 1.5x, https:\/\/i0.wp.com\/unser-aschbach.de\/staging2025\/wp-content\/uploads\/2015\/01\/Altes-Haus-Conrad.jpg?resize=700%2C400 2x, https:\/\/i0.wp.com\/unser-aschbach.de\/staging2025\/wp-content\/uploads\/2015\/01\/Altes-Haus-Conrad.jpg?resize=1050%2C600 3x"},"classes":[]},{"id":334,"url":"https:\/\/unser-aschbach.de\/staging2025\/unser-ort\/geschichtlicher-rueckblick-3\/","url_meta":{"origin":5580,"position":3},"title":"Geschichtlicher R\u00fcckblick","author":"Someone","date":"13. November 2014","format":false,"excerpt":"Das Dorf Aschbach mit dem Weiler Henselhofen geh\u00f6rte bis zur Franz\u00f6sischen Revolution zur Schicksalsgemeinschaft der Orte um den Schaumberg, die zur Abtei Tholey geh\u00f6rten. Dieses 634 n. Chr. erstmals genannte Kloster ist das \u00e4lteste urkundlich belegte Kloster in Deutschland. Aus der Schirmherrschaft der Grafen von Blieskastel, die Ende des 13.\u2026","rel":"","context":"\u00c4hnlicher Beitrag","block_context":{"text":"\u00c4hnlicher Beitrag","link":""},"img":{"alt_text":"","src":"https:\/\/i0.wp.com\/unser-aschbach.de\/staging2025\/wp-content\/uploads\/2014\/11\/Aschbach-1946.jpg?fit=1200%2C781&ssl=1&resize=350%2C200","width":350,"height":200,"srcset":"https:\/\/i0.wp.com\/unser-aschbach.de\/staging2025\/wp-content\/uploads\/2014\/11\/Aschbach-1946.jpg?fit=1200%2C781&ssl=1&resize=350%2C200 1x, https:\/\/i0.wp.com\/unser-aschbach.de\/staging2025\/wp-content\/uploads\/2014\/11\/Aschbach-1946.jpg?fit=1200%2C781&ssl=1&resize=525%2C300 1.5x, https:\/\/i0.wp.com\/unser-aschbach.de\/staging2025\/wp-content\/uploads\/2014\/11\/Aschbach-1946.jpg?fit=1200%2C781&ssl=1&resize=700%2C400 2x, https:\/\/i0.wp.com\/unser-aschbach.de\/staging2025\/wp-content\/uploads\/2014\/11\/Aschbach-1946.jpg?fit=1200%2C781&ssl=1&resize=1050%2C600 3x"},"classes":[]},{"id":2905,"url":"https:\/\/unser-aschbach.de\/staging2025\/wie-war-das-noch-damals\/waehrungen-in-unserem-ort-nach-dem-2-weltkrieg\/","url_meta":{"origin":5580,"position":4},"title":"W\u00e4hrungen in unserem Ort nach dem 2. Weltkrieg","author":"Someone","date":"10. Dezember 2018","format":false,"excerpt":"Eines der ersten Ereignisse, an das ich mich heute noch sehr gut erinnern kann, war im Jahr 1959 die Umstellung der damaligen W\u00e4hrung \"franz\u00f6sische Franc\" auf die D-Mark im Jahr 1959. F\u00fcr mich waren die neuen M\u00fcnzen\u00a0 - so meine Erinnerung-\u00a0 viel sch\u00f6ner, schwerer, gl\u00e4nzender - kurzum wertvoller als die\u00a0\u2026","rel":"","context":"\u00c4hnlicher Beitrag","block_context":{"text":"\u00c4hnlicher Beitrag","link":""},"img":{"alt_text":"","src":"","width":0,"height":0},"classes":[]},{"id":2590,"url":"https:\/\/unser-aschbach.de\/staging2025\/datenschutzerklaerung\/","url_meta":{"origin":5580,"position":5},"title":"Datenschutzerkl\u00e4rung","author":"Someone","date":"4. Juni 2018","format":false,"excerpt":"Wir freuen uns sehr \u00fcber Ihr Interesse an Aschbach!Datenschutz hat einen besonders hohen Stellenwert f\u00fcr uns. Deshalb kl\u00e4rt Sie diese Datenschutzerkl\u00e4rung ausf\u00fchrlich \u00fcber die Art, den Umfang und den Zweck von personenbezogenen Daten innerhalb unseres Online-Angebots auf.\u00a0 Zun\u00e4chst aber das Wichtigste:\u00a0 Eine Nutzung der Internetseiten der Dorfgemeinschaft Aschbach ist grunds\u00e4tzlich\u2026","rel":"","context":"\u00c4hnlicher Beitrag","block_context":{"text":"\u00c4hnlicher Beitrag","link":""},"img":{"alt_text":"","src":"","width":0,"height":0},"classes":[]}],"jetpack_sharing_enabled":true,"_links":{"self":[{"href":"https:\/\/unser-aschbach.de\/staging2025\/wp-json\/wp\/v2\/pages\/5580","targetHints":{"allow":["GET"]}}],"collection":[{"href":"https:\/\/unser-aschbach.de\/staging2025\/wp-json\/wp\/v2\/pages"}],"about":[{"href":"https:\/\/unser-aschbach.de\/staging2025\/wp-json\/wp\/v2\/types\/page"}],"author":[{"embeddable":true,"href":"https:\/\/unser-aschbach.de\/staging2025\/wp-json\/wp\/v2\/users\/24782"}],"replies":[{"embeddable":true,"href":"https:\/\/unser-aschbach.de\/staging2025\/wp-json\/wp\/v2\/comments?post=5580"}],"version-history":[{"count":3,"href":"https:\/\/unser-aschbach.de\/staging2025\/wp-json\/wp\/v2\/pages\/5580\/revisions"}],"predecessor-version":[{"id":5589,"href":"https:\/\/unser-aschbach.de\/staging2025\/wp-json\/wp\/v2\/pages\/5580\/revisions\/5589"}],"wp:attachment":[{"href":"https:\/\/unser-aschbach.de\/staging2025\/wp-json\/wp\/v2\/media?parent=5580"}],"curies":[{"name":"wp","href":"https:\/\/api.w.org\/{rel}","templated":true}]}}