{"id":334,"date":"2014-11-13T13:31:52","date_gmt":"2014-11-13T12:31:52","guid":{"rendered":"https:\/\/unser-aschbach.de\/staging2025\/?page_id=334"},"modified":"2021-11-04T21:09:06","modified_gmt":"2021-11-04T20:09:06","slug":"geschichtlicher-rueckblick-3","status":"publish","type":"page","link":"https:\/\/unser-aschbach.de\/staging2025\/unser-ort\/geschichtlicher-rueckblick-3\/","title":{"rendered":"Geschichtlicher R\u00fcckblick"},"content":{"rendered":"<p style=\"text-align: justify;\">Das Dorf Aschbach mit dem Weiler Henselhofen geh\u00f6rte bis zur Franz\u00f6sischen Revolution zur Schicksalsgemeinschaft der Orte um den Schaumberg, die zur Abtei Tholey geh\u00f6rten. Dieses 634 n. Chr. erstmals genannte Kloster ist das \u00e4lteste urkundlich belegte Kloster in Deutschland. Aus der Schirmherrschaft der Grafen von Blieskastel, die Ende des 13. Jahrhunderts auf die Herz\u00f6ge von Lothringen \u00fcberging, entwickelte sich das Amt Schaumburg, zu dem etwa 50 Orte geh\u00f6rten. Im Alltag ausschlaggebend war aber die Abtei Tholey, welche die Grundherrschaft innehatte.<br \/>\nKirchlich war Aschbach bis nach dem Zweiten Weltkrieg der Pfarrei Thalexweiler zugeordnet, die wiederum bis 1793 der Abtei unterstand. Ein Teil der Gemarkung von Aschbach geh\u00f6rte zu Lehensg\u00fctern, die an Adelige vergeben waren, so etwa an die Herren von S\u00f6tern. Mit der Franz\u00f6sischen Revolution und der Herrschaft Napoleons \u00e4nderten sich die Verh\u00e4ltnisse grundlegend. Anstelle des Feudalsystems trat der moderne Staat mit der Gleichheit der B\u00fcrger. Auch mit dem Fall Napoleons unter der ab 1815 einsetzenden Herrschaft Preussens blieben diese Freiheiten weitgehend erhalten. Neu war nun die Zuordnung zum Kreis Ottweiler und zur Amtsb\u00fcrgermeisterei Eppelborn, die bis in die 1970er Jahre erhalten bleiben sollte. Das 19. Jahrhundert war voll von Umbr\u00fcchen. Bis zur Industrialisierung herrschte mit dem Pauperismus eine Zeit der Verarmung vor, wovon etwa die Auswanderungen Zeugnis ablegen. Ab 1850 entwickelte sich dann die Saargegend zum Industrierevier, wodurch die Bewohner auf den Kohlegruben und Eisenh\u00fctten Arbeit fanden und die Not \u00fcberwunden wurde. Das kriegerische 20. Jahrhundert brachte infolge zweier verlorener Weltkriege jeweils von Deutschland getrennte Sonderentwicklungen, auf der die heutige saarl\u00e4ndische Identit\u00e4t fu\u00dft. Die 1950er und 1960er Jahre brachten dann einen radikalen Umbruch auf allen Gebieten des d\u00f6rflichen Lebens. R\u00fcckschauend darf der Gesichtsverlust unserer D\u00f6rfer durch Um- und Neubauten bedauert werden, jedoch war der Wandel zu allen Zeiten Bestandteil der Dorfgeschichte.<\/p>\n<p style=\"text-align: justify;\">(Autor: Johannes Naumann, Historiker. Der Autor hat der Ver\u00f6ffentlichung dieses Beitrages auf unserer Homepage zugestimmt.)<\/p>\n<div class=\"shariff shariff-align-flex-start shariff-widget-align-flex-start\"><ul class=\"shariff-buttons theme-round orientation-horizontal buttonsize-medium\"><li class=\"shariff-button mailto shariff-nocustomcolor\" style=\"background-color:#a8a8a8\"><a href=\"mailto:?body=https%3A%2F%2Funser-aschbach.de%2Fstaging2025%2Funser-ort%2Fgeschichtlicher-rueckblick-3%2F&subject=Geschichtlicher%20R%C3%BCckblick\" title=\"Per E-Mail versenden\" aria-label=\"Per E-Mail versenden\" role=\"button\" rel=\"noopener nofollow\" class=\"shariff-link\" style=\"; background-color:#999; color:#fff\"><span class=\"shariff-icon\" style=\"\"><svg width=\"32px\" height=\"20px\" xmlns=\"http:\/\/www.w3.org\/2000\/svg\" viewBox=\"0 0 32 32\"><path fill=\"#999\" d=\"M32 12.7v14.2q0 1.2-0.8 2t-2 0.9h-26.3q-1.2 0-2-0.9t-0.8-2v-14.2q0.8 0.9 1.8 1.6 6.5 4.4 8.9 6.1 1 0.8 1.6 1.2t1.7 0.9 2 0.4h0.1q0.9 0 2-0.4t1.7-0.9 1.6-1.2q3-2.2 8.9-6.1 1-0.7 1.8-1.6zM32 7.4q0 1.4-0.9 2.7t-2.2 2.2q-6.7 4.7-8.4 5.8-0.2 0.1-0.7 0.5t-1 0.7-0.9 0.6-1.1 0.5-0.9 0.2h-0.1q-0.4 0-0.9-0.2t-1.1-0.5-0.9-0.6-1-0.7-0.7-0.5q-1.6-1.1-4.7-3.2t-3.6-2.6q-1.1-0.7-2.1-2t-1-2.5q0-1.4 0.7-2.3t2.1-0.9h26.3q1.2 0 2 0.8t0.9 2z\"\/><\/svg><\/span><\/a><\/li><li class=\"shariff-button facebook shariff-nocustomcolor\" style=\"background-color:#4273c8\"><a href=\"https:\/\/www.facebook.com\/sharer\/sharer.php?u=https%3A%2F%2Funser-aschbach.de%2Fstaging2025%2Funser-ort%2Fgeschichtlicher-rueckblick-3%2F\" title=\"Bei Facebook teilen\" aria-label=\"Bei Facebook teilen\" role=\"button\" rel=\"nofollow\" class=\"shariff-link\" style=\"; background-color:#3b5998; color:#fff\" target=\"_blank\"><span class=\"shariff-icon\" style=\"\"><svg width=\"32px\" height=\"20px\" xmlns=\"http:\/\/www.w3.org\/2000\/svg\" viewBox=\"0 0 18 32\"><path fill=\"#3b5998\" d=\"M17.1 0.2v4.7h-2.8q-1.5 0-2.1 0.6t-0.5 1.9v3.4h5.2l-0.7 5.3h-4.5v13.6h-5.5v-13.6h-4.5v-5.3h4.5v-3.9q0-3.3 1.9-5.2t5-1.8q2.6 0 4.1 0.2z\"\/><\/svg><\/span><\/a><\/li><li class=\"shariff-button whatsapp shariff-nocustomcolor\" style=\"background-color:#5cbe4a\"><a href=\"https:\/\/api.whatsapp.com\/send?text=https%3A%2F%2Funser-aschbach.de%2Fstaging2025%2Funser-ort%2Fgeschichtlicher-rueckblick-3%2F%20Geschichtlicher%20R%C3%BCckblick\" title=\"Bei Whatsapp teilen\" aria-label=\"Bei Whatsapp teilen\" role=\"button\" rel=\"noopener nofollow\" class=\"shariff-link\" style=\"; background-color:#34af23; color:#fff\" target=\"_blank\"><span class=\"shariff-icon\" style=\"\"><svg width=\"32px\" height=\"20px\" xmlns=\"http:\/\/www.w3.org\/2000\/svg\" viewBox=\"0 0 32 32\"><path fill=\"#34af23\" d=\"M17.6 17.4q0.2 0 1.7 0.8t1.6 0.9q0 0.1 0 0.3 0 0.6-0.3 1.4-0.3 0.7-1.3 1.2t-1.8 0.5q-1 0-3.4-1.1-1.7-0.8-3-2.1t-2.6-3.3q-1.3-1.9-1.3-3.5v-0.1q0.1-1.6 1.3-2.8 0.4-0.4 0.9-0.4 0.1 0 0.3 0t0.3 0q0.3 0 0.5 0.1t0.3 0.5q0.1 0.4 0.6 1.6t0.4 1.3q0 0.4-0.6 1t-0.6 0.8q0 0.1 0.1 0.3 0.6 1.3 1.8 2.4 1 0.9 2.7 1.8 0.2 0.1 0.4 0.1 0.3 0 1-0.9t0.9-0.9zM14 26.9q2.3 0 4.3-0.9t3.6-2.4 2.4-3.6 0.9-4.3-0.9-4.3-2.4-3.6-3.6-2.4-4.3-0.9-4.3 0.9-3.6 2.4-2.4 3.6-0.9 4.3q0 3.6 2.1 6.6l-1.4 4.2 4.3-1.4q2.8 1.9 6.2 1.9zM14 2.2q2.7 0 5.2 1.1t4.3 2.9 2.9 4.3 1.1 5.2-1.1 5.2-2.9 4.3-4.3 2.9-5.2 1.1q-3.5 0-6.5-1.7l-7.4 2.4 2.4-7.2q-1.9-3.2-1.9-6.9 0-2.7 1.1-5.2t2.9-4.3 4.3-2.9 5.2-1.1z\"\/><\/svg><\/span><\/a><\/li><\/ul><\/div>","protected":false},"excerpt":{"rendered":"<p>Das Dorf Aschbach mit dem Weiler Henselhofen geh\u00f6rte bis zur Franz\u00f6sischen Revolution zur Schicksalsgemeinschaft der Orte um den Schaumberg, die zur Abtei Tholey geh\u00f6rten. Dieses 634 n. Chr. erstmals genannte Kloster ist das \u00e4lteste urkundlich belegte Kloster in Deutschland. Aus der Schirmherrschaft der Grafen von Blieskastel, die Ende des 13. Jahrhunderts auf die Herz\u00f6ge von&#8230;<\/p>\n<p> <a class=\"continue-reading-link\" href=\"https:\/\/unser-aschbach.de\/staging2025\/unser-ort\/geschichtlicher-rueckblick-3\/\"><span>weiterlesen<\/span><i class=\"crycon-right-dir\"><\/i><\/a> <\/p>\n","protected":false},"author":1,"featured_media":335,"parent":82,"menu_order":3,"comment_status":"open","ping_status":"closed","template":"","meta":{"jetpack_post_was_ever_published":false,"footnotes":""},"class_list":["post-334","page","type-page","status-publish","has-post-thumbnail","hentry"],"jetpack_shortlink":"https:\/\/wp.me\/PggZrZ-5o","jetpack-related-posts":[{"id":330,"url":"https:\/\/unser-aschbach.de\/staging2025\/unser-ort\/politische-struktur\/","url_meta":{"origin":334,"position":0},"title":"Freunde und Nachbarn","author":"Someone","date":"12. November 2014","format":false,"excerpt":"Mit der Gebiets- und Verwaltungsreform zum 01.01.1974 wurde Aschbach der Gemeinde Lebach, Landkreis Saarlouis Bundesland Saarland zugeordnet. Bis zum 31.12.1973 geh\u00f6rte Aschbach zur Gemeinde Eppelborn, Landkreis Ottweiler. Der Landkreis Ottweiler wurde im Zuge der Verwaltungs- und Gebietsreform aufgel\u00f6st und ist in den Landkreisen Neunkirchen\/Saar und Saarlouis aufgegangen. Am 01.06.1977 wurden\u2026","rel":"","context":"\u00c4hnlicher Beitrag","block_context":{"text":"\u00c4hnlicher Beitrag","link":""},"img":{"alt_text":"","src":"","width":0,"height":0},"classes":[]},{"id":82,"url":"https:\/\/unser-aschbach.de\/staging2025\/unser-ort\/","url_meta":{"origin":334,"position":1},"title":"Unser Ort","author":"Someone","date":"23. Oktober 2014","format":false,"excerpt":"Willkommen in Aschbach! Aschbach ist ein Stadtteil von Lebach und liegt im Saarland, dem kleinsten Fl\u00e4chenbundesland Deutschlands.Diese Seite soll dazu dienen, Einheimische, \"Auswanderer\" und andere Besucher mit allgemeinen und aktuellen Informationen rund um Aschbach zu versorgen. Geographische Lage Aschbach liegt geographisch\u00a0zwar nicht exakt, aber ann\u00e4hernd genau\u00a0in der Mitte des Saarlandes\u2026","rel":"","context":"\u00c4hnlicher Beitrag","block_context":{"text":"\u00c4hnlicher Beitrag","link":""},"img":{"alt_text":"","src":"https:\/\/i0.wp.com\/unser-aschbach.de\/staging2025\/wp-content\/uploads\/2014\/10\/A260013.jpg?resize=350%2C200&ssl=1","width":350,"height":200,"srcset":"https:\/\/i0.wp.com\/unser-aschbach.de\/staging2025\/wp-content\/uploads\/2014\/10\/A260013.jpg?resize=350%2C200&ssl=1 1x, https:\/\/i0.wp.com\/unser-aschbach.de\/staging2025\/wp-content\/uploads\/2014\/10\/A260013.jpg?resize=525%2C300&ssl=1 1.5x, https:\/\/i0.wp.com\/unser-aschbach.de\/staging2025\/wp-content\/uploads\/2014\/10\/A260013.jpg?resize=700%2C400&ssl=1 2x, https:\/\/i0.wp.com\/unser-aschbach.de\/staging2025\/wp-content\/uploads\/2014\/10\/A260013.jpg?resize=1050%2C600&ssl=1 3x"},"classes":[]},{"id":2905,"url":"https:\/\/unser-aschbach.de\/staging2025\/wie-war-das-noch-damals\/waehrungen-in-unserem-ort-nach-dem-2-weltkrieg\/","url_meta":{"origin":334,"position":2},"title":"W\u00e4hrungen in unserem Ort nach dem 2. Weltkrieg","author":"Someone","date":"10. Dezember 2018","format":false,"excerpt":"Eines der ersten Ereignisse, an das ich mich heute noch sehr gut erinnern kann, war im Jahr 1959 die Umstellung der damaligen W\u00e4hrung \"franz\u00f6sische Franc\" auf die D-Mark im Jahr 1959. F\u00fcr mich waren die neuen M\u00fcnzen\u00a0 - so meine Erinnerung-\u00a0 viel sch\u00f6ner, schwerer, gl\u00e4nzender - kurzum wertvoller als die\u00a0\u2026","rel":"","context":"\u00c4hnlicher Beitrag","block_context":{"text":"\u00c4hnlicher Beitrag","link":""},"img":{"alt_text":"","src":"","width":0,"height":0},"classes":[]},{"id":752,"url":"https:\/\/unser-aschbach.de\/staging2025\/unser-ort\/chronik-von-aschbach\/","url_meta":{"origin":334,"position":3},"title":"Chronik von Aschbach","author":"Someone","date":"4. Januar 2015","format":false,"excerpt":"Die Chronik von Aschbach beginnt mit folgender Einleitung (Zitat): Diese Chronik beginnt mit dem Ende des Jahres 1948. Der Chronist will vor allem berichten. Hin und Wieder wird auch sein eigenes Urteil \u00fcber Geschehnisse und Probleme der Schule und Gemeinde Aschbach durchleuchten. Er wird allerdings versuchen, seine Ansicht und Meinung\u2026","rel":"","context":"\u00c4hnlicher Beitrag","block_context":{"text":"\u00c4hnlicher Beitrag","link":""},"img":{"alt_text":"","src":"","width":0,"height":0},"classes":[]},{"id":3091,"url":"https:\/\/unser-aschbach.de\/staging2025\/wie-war-das-noch-damals\/ueber-das-telefonieren\/","url_meta":{"origin":334,"position":4},"title":"\u00dcber das Telefonieren","author":"Someone","date":"23. Dezember 2018","format":false,"excerpt":"Die Poststellen, es gab sie damals noch in jedem Ort, waren die offiziellen Anlaufstellen zum Telefonieren. Man meldete am Postschalter ein Gespr\u00e4ch an, bekam dann eine Telefonzelle zugeteilt, und f\u00fchrte\u00a0 sein Telefonat. Dar\u00fcberhinaus gab es einige Haushalte in Aschbach- meist Gesch\u00e4ftsleute - , die schon einen eigenen Telefonanschluss besa\u00dfen.\u00a0 Wenn\u2026","rel":"","context":"\u00c4hnlicher Beitrag","block_context":{"text":"\u00c4hnlicher Beitrag","link":""},"img":{"alt_text":"","src":"https:\/\/i0.wp.com\/unser-aschbach.de\/staging2025\/wp-content\/uploads\/2018\/12\/letzte-Telefonzelle.jpg?fit=686%2C457&ssl=1&resize=350%2C200","width":350,"height":200,"srcset":"https:\/\/i0.wp.com\/unser-aschbach.de\/staging2025\/wp-content\/uploads\/2018\/12\/letzte-Telefonzelle.jpg?fit=686%2C457&ssl=1&resize=350%2C200 1x, https:\/\/i0.wp.com\/unser-aschbach.de\/staging2025\/wp-content\/uploads\/2018\/12\/letzte-Telefonzelle.jpg?fit=686%2C457&ssl=1&resize=525%2C300 1.5x"},"classes":[]},{"id":1590,"url":"https:\/\/unser-aschbach.de\/staging2025\/2016-2\/","url_meta":{"origin":334,"position":5},"title":"2016","author":"Someone","date":"13. Dezember 2015","format":false,"excerpt":"\u00a0 Aschbacher Kalender 2016 \u00a0 \u00a0 \u00a0 \u00a0 \u00a0 \u00a0 \u00a0 \u00a0 Mit einem\u00a0Doppelklick auf nachfolgenden Link \u00f6ffnet\u00a0sich\u00a0der Veranstaltungskalender f\u00fcr Aschbach f\u00fcr das\u00a0Jahr 2016. Der Veranstaltungskalender wurde von unserem Ortsvorsteher herausgegeben. Aschbacher Kalender 2016 A4-Format Seite 1","rel":"","context":"\u00c4hnlicher Beitrag","block_context":{"text":"\u00c4hnlicher Beitrag","link":""},"img":{"alt_text":"Wappen von Aschbach","src":"https:\/\/i0.wp.com\/unser-aschbach.de\/staging2025\/wp-content\/uploads\/2015\/12\/Wappen-von-Aschbach-e1450015509577.jpg?resize=350%2C200&ssl=1","width":350,"height":200},"classes":[]}],"jetpack_sharing_enabled":true,"_links":{"self":[{"href":"https:\/\/unser-aschbach.de\/staging2025\/wp-json\/wp\/v2\/pages\/334","targetHints":{"allow":["GET"]}}],"collection":[{"href":"https:\/\/unser-aschbach.de\/staging2025\/wp-json\/wp\/v2\/pages"}],"about":[{"href":"https:\/\/unser-aschbach.de\/staging2025\/wp-json\/wp\/v2\/types\/page"}],"author":[{"embeddable":true,"href":"https:\/\/unser-aschbach.de\/staging2025\/wp-json\/wp\/v2\/users\/1"}],"replies":[{"embeddable":true,"href":"https:\/\/unser-aschbach.de\/staging2025\/wp-json\/wp\/v2\/comments?post=334"}],"version-history":[{"count":6,"href":"https:\/\/unser-aschbach.de\/staging2025\/wp-json\/wp\/v2\/pages\/334\/revisions"}],"predecessor-version":[{"id":4919,"href":"https:\/\/unser-aschbach.de\/staging2025\/wp-json\/wp\/v2\/pages\/334\/revisions\/4919"}],"up":[{"embeddable":true,"href":"https:\/\/unser-aschbach.de\/staging2025\/wp-json\/wp\/v2\/pages\/82"}],"wp:featuredmedia":[{"embeddable":true,"href":"https:\/\/unser-aschbach.de\/staging2025\/wp-json\/wp\/v2\/media\/335"}],"wp:attachment":[{"href":"https:\/\/unser-aschbach.de\/staging2025\/wp-json\/wp\/v2\/media?parent=334"}],"curies":[{"name":"wp","href":"https:\/\/api.w.org\/{rel}","templated":true}]}}