{"id":2590,"date":"2018-06-04T18:41:49","date_gmt":"2018-06-04T16:41:49","guid":{"rendered":"https:\/\/unser-aschbach.de\/staging2025\/?page_id=2590"},"modified":"2025-01-15T17:59:36","modified_gmt":"2025-01-15T16:59:36","slug":"datenschutzerklaerung","status":"publish","type":"page","link":"https:\/\/unser-aschbach.de\/staging2025\/datenschutzerklaerung\/","title":{"rendered":"Datenschutzerkl\u00e4rung"},"content":{"rendered":"\n<p>Wir freuen uns sehr \u00fcber Ihr Interesse an Aschbach!<br \/>Datenschutz hat einen besonders hohen Stellenwert f\u00fcr uns. Deshalb kl\u00e4rt Sie diese Datenschutzerkl\u00e4rung ausf\u00fchrlich \u00fcber die Art, den Umfang und den Zweck von personenbezogenen Daten innerhalb unseres Online-Angebots auf.&nbsp;<\/p>\n\n\n\n<p>Zun\u00e4chst aber das Wichtigste:&nbsp;<\/p>\n\n\n\n<p><strong>Eine Nutzung der Internetseiten der Dorfgemeinschaft Aschbach ist grunds\u00e4tzlich ohne jede Angabe personenbezogener Daten m\u00f6glich.&nbsp;<\/strong><\/p>\n\n\n\n<p>Sofern Sie Kontakt zu uns aufnehmen m\u00f6chten, k\u00f6nnte jedoch eine Verarbeitung personenbezogener Daten gem\u00e4\u00df Art. 6 Abs. 1 lit. b DSGVO erforderlich werden. W\u00e4re dar\u00fcber hinaus eine weitere Verarbeitung personenbezogener Daten erforderlich und besteht daf\u00fcr keine direkte gesetzliche Grundlage, holen wir generell zuerst eine Einwilligung der betroffenen Person ein.<\/p>\n\n\n\n<p>Und nun ausf\u00fchrlich:&nbsp;<\/p>\n\n\n\n<p>Die Datenschutzerkl\u00e4rung gilt unabh\u00e4ngig von den verwendeten Domains, Systemen, Plattformen und Ger\u00e4ten (z.B. Desktop oder Mobile) auf denen das Onlineangebot ausgef\u00fchrt wird.<\/p>\n\n\n\n<p>Die Verarbeitung personenbezogener Daten, beispielsweise des Namens, der Anschrift, E-Mail-Adresse oder Telefonnummer einer betroffenen Person, erfolgt stets im Einklang mit der Datenschutz-Grundverordnung und in \u00dcbereinstimmung mit den f\u00fcr die Dorfgemeinschaft Aschbach geltenden landesspezifischen Datenschutzbestimmungen. Mittels dieser Datenschutzerkl\u00e4rung m\u00f6chte unser Dorf die \u00d6ffentlichkeit \u00fcber Art, Umfang und Zweck der von uns erhobenen, genutzten und verarbeiteten personenbezogenen Daten informieren. Ferner werden betroffene Personen mittels dieser Datenschutzerkl\u00e4rung \u00fcber die ihnen zustehenden Rechte aufgekl\u00e4rt.<\/p>\n\n\n\n<p>Die Dorfgemeinschaft Aschbach hat als f\u00fcr die Verarbeitung Verantwortlicher zahlreiche technische und organisatorische Ma\u00dfnahmen umgesetzt, um einen m\u00f6glichst l\u00fcckenlosen Schutz der \u00fcber diese Internetseite verarbeiteten personenbezogenen Daten sicherzustellen. Dazu geh\u00f6rt z.B. die verschl\u00fcsselte \u00dcbertragung von Daten zwischen Ihrem Browser und unserem Server. Dennoch k\u00f6nnen Internetbasierte Daten\u00fcbertragungen grunds\u00e4tzlich Sicherheitsl\u00fccken aufweisen, sodass ein absoluter Schutz nicht gew\u00e4hrleistet werden kann. Aus diesem Grund steht es jeder betroffenen Person frei, personenbezogene Daten auch auf alternativen Wegen, beispielsweise telefonisch, an uns zu \u00fcbermitteln.<br \/>&nbsp;<\/p>\n\n\n\n<p><strong>1. BEGRIFFSBESTIMMUNGEN<\/strong><\/p>\n\n\n\n<p>Die Datenschutzerkl\u00e4rung der Dorfgemeinschaft Aschbach beruht auf den Begrifflichkeiten, die durch den Europ\u00e4ischen Richtlinien- und Verordnungsgeber beim Erlass der Datenschutz-Grundverordnung (DSfGVO) verwendet wurden. Unsere Datenschutzerkl\u00e4rung soll sowohl f\u00fcr die \u00d6ffentlichkeit als auch f\u00fcr unsere Kunden und Gesch\u00e4ftspartner einfach lesbar und verst\u00e4ndlich sein. Um dies zu gew\u00e4hrleisten, m\u00f6chten wir vorab die verwendeten Begrifflichkeiten erl\u00e4utern.<\/p>\n\n\n\n<p>Wir verwenden in dieser Datenschutzerkl\u00e4rung unter anderem die folgenden Begriffe:<\/p>\n\n\n\n<p><strong>a) personenbezogene Daten<\/strong><br \/>Personenbezogene Daten sind alle Informationen, die sich auf eine identifizierte oder identifizierbare nat\u00fcrliche Person (im Folgenden \u201ebetroffene Person\u201c) beziehen. Als identifizierbar wird eine nat\u00fcrliche Person angesehen, die direkt oder indirekt, insbesondere mittels Zuordnung zu einer Kennung wie einem Namen, zu einer Kennnummer, zu Standortdaten, zu einer Online-Kennung oder zu einem oder mehreren besonderen Merkmalen, die Ausdruck der physischen, physiologischen, genetischen, psychischen, wirtschaftlichen, kulturellen oder sozialen Identit\u00e4t dieser nat\u00fcrlichen Person sind, identifiziert werden kann.<\/p>\n\n\n\n<p><strong>b) betroffene Person<\/strong><br \/>Betroffene Person ist jede identifizierte oder identifizierbare nat\u00fcrliche Person, deren personenbezogene Daten von dem f\u00fcr die Verarbeitung Verantwortlichen verarbeitet werden.<\/p>\n\n\n\n<p><strong>c) Verarbeitung<\/strong><br \/>Verarbeitung ist jeder mit oder ohne Hilfe automatisierter Verfahren ausgef\u00fchrte Vorgang oder jede solche Vorgangsreihe im Zusammenhang mit personenbezogenen Daten wie das Erheben, das Erfassen, die Organisation, das Ordnen, die Speicherung, die Anpassung oder Ver\u00e4nderung, das Auslesen, das Abfragen, die Verwendung, die Offenlegung durch \u00dcbermittlung, Verbreitung oder eine andere Form der Bereitstellung, den Abgleich oder die Verkn\u00fcpfung, die Einschr\u00e4nkung, das L\u00f6schen oder die Vernichtung.<\/p>\n\n\n\n<p><strong>d) Einschr\u00e4nkung der Verarbeitung<\/strong><br \/>Einschr\u00e4nkung der Verarbeitung ist die Markierung gespeicherter personenbezogener Daten mit dem Ziel, ihre k\u00fcnftige Verarbeitung einzuschr\u00e4nken.<\/p>\n\n\n\n<p><strong>e) Profiling<\/strong><br \/>Profiling ist jede Art der automatisierten Verarbeitung personenbezogener Daten, die darin besteht, dass diese personenbezogenen Daten verwendet werden, um bestimmte pers\u00f6nliche Aspekte, die sich auf eine nat\u00fcrliche Person beziehen, zu bewerten, insbesondere, um Aspekte bez\u00fcglich Arbeitsleistung, wirtschaftlicher Lage, Gesundheit, pers\u00f6nlicher Vorlieben, Interessen, Zuverl\u00e4ssigkeit, Verhalten, Aufenthaltsort oder Ortswechsel dieser nat\u00fcrlichen Person zu analysieren oder vorherzusagen. Als verantwortungsbewusste Dorfgemeinschaft verzichten wir auf eine automatische Entscheidungsfindung oder ein Profiling.<\/p>\n\n\n\n<p><strong>f) Pseudonymisierung<\/strong><br \/>Pseudonymisierung ist die Verarbeitung personenbezogener Daten in einer Weise, auf welche die personenbezogenen Daten ohne Hinzuziehung zus\u00e4tzlicher Informationen nicht mehr einer spezifischen betroffenen Person zugeordnet werden k\u00f6nnen, sofern diese zus\u00e4tzlichen Informationen gesondert aufbewahrt werden und technischen und organisatorischen Ma\u00dfnahmen unterliegen, die gew\u00e4hrleisten, dass die personenbezogenen Daten nicht einer identifizierten oder identifizierbaren nat\u00fcrlichen Person zugewiesen werden.<\/p>\n\n\n\n<p><strong>g) Verantwortlicher oder f\u00fcr die Verarbeitung Verantwortlicher<\/strong><br \/>Verantwortlicher oder f\u00fcr die Verarbeitung Verantwortlicher ist die nat\u00fcrliche oder juristische Person, Beh\u00f6rde, Einrichtung oder andere Stelle, die allein oder gemeinsam mit anderen \u00fcber die Zwecke und Mittel der Verarbeitung von personenbezogenen Daten entscheidet. Sind die Zwecke und Mittel dieser Verarbeitung durch das Unionsrecht oder das Recht der Mitgliedstaaten vorgegeben, so kann der Verantwortliche beziehungsweise k\u00f6nnen die bestimmten Kriterien seiner Benennung nach dem Unionsrecht oder dem Recht der Mitgliedstaaten vorgesehen werden.<\/p>\n\n\n\n<p><strong>h) Auftragsverarbeiter<\/strong><br \/>Auftragsverarbeiter ist eine nat\u00fcrliche oder juristische Person, Beh\u00f6rde, Einrichtung oder andere Stelle, die personenbezogene Daten im Auftrag des Verantwortlichen verarbeitet.<\/p>\n\n\n\n<p><strong>i) Empf\u00e4nger<\/strong><br \/>Empf\u00e4nger ist eine nat\u00fcrliche oder juristische Person, Beh\u00f6rde, Einrichtung oder andere Stelle, der personenbezogene Daten offengelegt werden, unabh\u00e4ngig davon, ob es sich bei ihr um einen Dritten handelt oder nicht. Beh\u00f6rden, die im Rahmen eines bestimmten Untersuchungsauftrags nach dem Unionsrecht oder dem Recht der Mitgliedstaaten m\u00f6glicherweise personenbezogene Daten erhalten, gelten jedoch nicht als Empf\u00e4nger.<\/p>\n\n\n\n<p><strong>j) Dritter<\/strong><br \/>Dritter ist eine nat\u00fcrliche oder juristische Person, Beh\u00f6rde, Einrichtung oder andere Stelle au\u00dfer der betroffenen Person, dem Verantwortlichen, dem Auftragsverarbeiter und den Personen, die unter der unmittelbaren Verantwortung des Verantwortlichen oder des Auftragsverarbeiters befugt sind, die personenbezogenen Daten zu verarbeiten.<\/p>\n\n\n\n<p><strong>k) Einwilligung<\/strong><br \/>Einwilligung ist jede von der betroffenen Person freiwillig f\u00fcr den bestimmten Fall in informierter Weise und unmissverst\u00e4ndlich abgegebene Willensbekundung in Form einer Erkl\u00e4rung oder einer sonstigen eindeutigen best\u00e4tigenden Handlung, mit der die betroffene Person zu verstehen gibt, dass sie mit der Verarbeitung der sie betreffenden personenbezogenen Daten einverstanden ist.<\/p>\n\n\n\n<p><strong>2. NAME UND ANSCHRIFT DES F\u00dcR DIE VERARBEITUNG VERANTWORTLICHEN<\/strong><\/p>\n\n\n\n<p>Verantwortlicher im Sinne der Datenschutz-Grundverordnung, sonstiger in den Mitgliedstaaten der Europ\u00e4ischen Union geltenden Datenschutzgesetze und anderer Bestimmungen mit datenschutzrechtlichem Charakter ist:<\/p>\n\n\n\n<p>Peter Hempel<br \/>Am M\u00fchlenberg 27<br \/>66822 Lebach-Aschbach<br \/>Deutschland<br \/>E-Mail:&nbsp;<a href=\"mailto:kontakt@unser-aschbach.de\">kontakt@unser-aschbach.de<\/a><br \/><\/p>\n\n\n\n<p><strong>3. NAME UND ANSCHRIFT DES DATENSCHUTZBEAUFTRAGTEN<\/strong><\/p>\n\n\n\n<p>Der Datenschutzbeauftragte des f\u00fcr die Verarbeitung Verantwortlichen ist:<\/p>\n\n\n\n<p>Peter Hempel<br \/>DSB (T\u00dcV)<br \/>Waiblinger Stra\u00dfe 52<br \/>70734 Fellbach<br \/>Deutschland<br \/>Tel.: <a href=\"tel:071158568827\">0711-58568827<\/a><br \/>E-Mail:&nbsp;<a href=\"mailto:dsb@w52.com\">dsb@w52.com<\/a><br \/>Website:&nbsp;<a href=\"https:\/\/www.w52.com\/\">www.w52.com<\/a><\/p>\n\n\n\n<p>Jede betroffene Person kann sich jederzeit bei allen Fragen und Anregungen zum Datenschutz direkt an unseren Datenschutzbeauftragten wenden.<\/p>\n\n\n\n<p><strong>4. COOKIES<\/strong><\/p>\n\n\n\n<p>Wie zahlreiche andere Webseiten verwenden auch die Internetseiten der Dorfgemeinschaft Aschbach Cookies. Cookies sind Textdateien, welche \u00fcber einen Internetbrowser auf einem Computersystem abgelegt und gespeichert werden.<\/p>\n\n\n\n<p>Viele Cookies enthalten eine sogenannte Cookie-ID. Eine Cookie-ID ist eine eindeutige Kennung des Cookies. Sie besteht aus einer Zeichenfolge, durch welche Internetseiten und Server dem konkreten Internetbrowser zugeordnet werden k\u00f6nnen, in dem das Cookie gespeichert wurde. Dies erm\u00f6glicht es den besuchten Internetseiten und Servern, den individuellen Browser der betroffenen Person von anderen Internetbrowsern, die andere Cookies enthalten, zu unterscheiden. Ein bestimmter Internetbrowser kann \u00fcber die eindeutige Cookie-ID wiedererkannt und identifiziert werden.<\/p>\n\n\n\n<p>Durch den Einsatz von Cookies kann die Dorfgemeinschaft Aschbach den Nutzern dieser Internetseite nutzerfreundlichere Services bereitstellen, die ohne die Cookie-Setzung nicht m\u00f6glich w\u00e4ren.<\/p>\n\n\n\n<p>Mittels eines Cookies k\u00f6nnen die Informationen und Angebote auf unserer Internetseite im Sinne des Benutzers optimiert werden. Cookies erm\u00f6glichen uns, wie bereits erw\u00e4hnt, die Benutzer unserer Internetseite wiederzuerkennen. Zweck dieser Wiedererkennung ist es, den Nutzern die Verwendung unserer Internetseite zu erleichtern. Die betroffene Person kann die Setzung von Cookies durch unsere Internetseite jederzeit mittels einer entsprechenden Einstellung des genutzten Internetbrowsers verhindern und damit dem Setzen von Cookies dauerhaft widersprechen. Ferner k\u00f6nnen bereits gesetzte Cookies jederzeit \u00fcber einen Internetbrowser oder andere Softwareprogramme gel\u00f6scht werden. Dies ist in allen g\u00e4ngigen Internetbrowsern m\u00f6glich. Deaktiviert die betroffene Person die Setzung von Cookies in dem genutzten Internetbrowser, sind unter Umst\u00e4nden nicht alle Funktionen unserer Internetseite vollumf\u00e4nglich nutzbar oder die Performance kann eingeschr\u00e4nkt sein.<\/p>\n\n\n\n<p><strong>5. ERFASSUNG VON ALLGEMEINEN DATEN UND INFORMATIONEN<\/strong><\/p>\n\n\n\n<p>Die Internetseite der Dorfgemeinschaft Aschbach erfasst mit jedem Aufruf der Internetseite durch eine betroffene Person oder ein automatisiertes System eine Reihe von allgemeinen Daten und Informationen. Diese allgemeinen Daten und Informationen werden in den Logfiles des Servers gespeichert. Erfasst werden k\u00f6nnen die (1) verwendeten Browsertypen und Versionen, (2) das vom zugreifenden System verwendete Betriebssystem, (3) die Internetseite, von welcher ein zugreifendes System auf unsere Internetseite gelangt (sogenannte Referrer), (4) die Unterwebseiten, welche \u00fcber ein zugreifendes System auf unserer Internetseite angesteuert werden, (5) das Datum und die Uhrzeit eines Zugriffs auf die Internetseite, (6) eine Internet-Protokoll-Adresse (IP), (7) der Internet-Service-Provider des zugreifenden Systems und (8) sonstige \u00e4hnliche Daten und Informationen, die der Gefahrenabwehr im Falle von Angriffen auf unsere informationstechnologischen Systeme dienen.<\/p>\n\n\n\n<p>Bei der Nutzung dieser allgemeinen Daten und Informationen zieht die Dorfgemeinschaft Aschbach keine R\u00fcckschl\u00fcsse auf die betroffene Person. Diese Informationen werden vielmehr ben\u00f6tigt, um (1) die Inhalte unserer Internetseite korrekt auszuliefern, (2) die Inhalte unserer Internetseite zu optimieren, (3) die dauerhafte Funktionsf\u00e4higkeit unserer informationstechnologischen Systeme und der Technik unserer Internetseite zu gew\u00e4hrleisten sowie (4) um Strafverfolgungsbeh\u00f6rden im Falle eines Cyberangriffes die zur Strafverfolgung notwendigen Informationen bereitzustellen. Diese anonym erhobenen Daten und Informationen werden durch die Dorfgemeinschaft Aschbach daher einerseits statistisch und ferner mit dem Ziel ausgewertet, den Datenschutz und die Datensicherheit unserer Website zu erh\u00f6hen, um letztlich ein optimales Schutzniveau f\u00fcr die von uns verarbeiteten personenbezogenen Daten sicherzustellen. Die anonymen Daten der Server-Logfiles werden getrennt von allen durch eine betroffene Person angegebenen personenbezogenen Daten gespeichert.<\/p>\n\n\n\n<p><strong>6. INTERAKTIONEN \u00dcBER DIE WEBSITE<\/strong><\/p>\n\n\n\n<p>Die Internetseite der Dorfgemeinschaft Aschbach enth\u00e4lt aufgrund von gesetzlichen Vorschriften Angaben, die eine schnelle elektronische Kontaktaufnahme zu unserem Verantwortlichen sowie eine unmittelbare Kommunikation mit uns erm\u00f6glichen, was ebenfalls eine allgemeine Adresse der sogenannten elektronischen Post (E-Mail-Adresse) umfasst. Sofern eine betroffene Person per E-Mail oder \u00fcber ein Kontaktformular den Kontakt mit dem f\u00fcr die Verarbeitung Verantwortlichen aufnimmt, werden die von der betroffenen Person \u00fcbermittelten personenbezogenen Daten automatisch gespeichert. Solche auf freiwilliger Basis von einer betroffenen Person an den f\u00fcr die Verarbeitung Verantwortlichen \u00fcbermittelten personenbezogenen Daten werden f\u00fcr Zwecke der Bearbeitung oder der Kontaktaufnahme zur betroffenen Person gespeichert. Es erfolgt zu diesem Zeitpunkt noch keine Weitergabe dieser personenbezogenen Daten an Dritte. Dies k\u00f6nnte erst dann der Fall sein, wenn wir zur Erf\u00fcllung eines Vertrags Ihre Daten an Dritte weitergeben m\u00fcssen &#8211; in solchen F\u00e4llen informieren wir Sie jedoch zun\u00e4chst ausf\u00fchrlich dar\u00fcber und bieten Ihnen Gelegenheit zum Einspruch.<\/p>\n\n\n\n<p><strong>Anmeldung zu einem Newsletter<\/strong><\/p>\n\n\n\n<p>Wir erfassen ausschlie\u00dflich Ihre E-Mail Adresse. Weitere Angaben k\u00f6nnen oftmals freiwillig get\u00e4tigt werden. Sofern Sie nach Art. 6 Abs. 1 S. 1 lit. a DSGVO ausdr\u00fccklich eingewilligt haben, verwenden wir Ihre E-Mail-Adresse daf\u00fcr, Ihnen unseren Newsletter zu \u00fcbersenden, der Sie \u00fcber die Neuigkeiten auf der Website informiert. Nach Ihrer Anmeldung erhalten Sie per E-Mail eine Registrierungsbenachrichtigung, die Sie best\u00e4tigen m\u00fcssen, um den Newsletter zu empfangen (sog. Double Opt-In). Dies dient uns als Nachweis dar\u00fcber, dass die Registrierung tats\u00e4chlich von Ihnen initiiert wurde. Die Abmeldung ist jederzeit m\u00f6glich, z. B. \u00fcber einen Link am Ende eines jeden Newsletters oder durch den Abmeldebutton auf der Seite, auf der Sie sich f\u00fcr den Newsletter angemeldet hatten. Alternativ k\u00f6nnen Sie Ihren Abmeldewunsch gerne auch jederzeit an kontakt@unser-aschbach.de senden.<\/p>\n\n\n\n<p>Ihre E-Mail-Adresse wird nach Widerruf Ihrer Einwilligung zur Zusendung Ihres Newsletter umgehend gel\u00f6scht.<\/p>\n\n\n\n<p><strong>Anmeldung f\u00fcr ASAP<\/strong><\/p>\n\n\n\n<p>Interessenten k\u00f6nnen im gesch\u00fctzten Bereich <a href=\"https:\/\/unser-aschbach.de\/staging2025\/asap\/asap-uebersicht\/\" data-type=\"page\" data-id=\"5560\">ASAP <\/a>ein Mitgliederprofil anlegen, um Zugang zu internen Informationen zu erhalten, sich untereinander auszutauschen und sich mit ihren Daten im Internet zu pr\u00e4sentieren. Im Rahmen der Registrierung werden die erforderlichen freiwilligen Angaben mitgeteilt und auf Grundlage des Art. 6 Abs. 1 lit. b DSGVO zu Zwecken der Bereitstellung des Nutzerkontos verarbeitet und \u00fcber das Plugin BuddyPress in der WordPress-Datenbank bei unserem Hoster all-inkl gespeichert. Zu den verarbeiteten Daten geh\u00f6ren insbesondere die Login-Informationen (Name, Passwort sowie eine E-Mailadresse); die IP-Adresse und den Zeitpunkt der jeweiligen Nutzerhandlung. S\u00e4mtliche Daten werden ausschlie\u00dflich f\u00fcr die Zwecke der Nutzung des internen Bereichs verwendet. Dazu geh\u00f6rt z.B. auch die freiwillige Ver\u00f6ffentlichung von Veranstaltungsterminen und Posts durch registrierte Mitglieder. Die L\u00f6schung dieser Daten folgt den Bestimmungen in Punkt 12. Die IP-Adressen werden sp\u00e4testens nach zwei Monaten gel\u00f6scht.<\/p>\n\n\n\n<p><strong>7. ROUTINEM\u00c4SSIGE L\u00d6SCHUNG UND SPERRUNG VON PERSONENBEZOGENEN DATEN<\/strong><\/p>\n\n\n\n<p>Der f\u00fcr die Verarbeitung Verantwortliche verarbeitet und speichert personenbezogene Daten der betroffenen Person nur f\u00fcr den Zeitraum, der zur Erreichung des Speicherungszwecks erforderlich ist oder sofern dies durch den Europ\u00e4ischen Richtlinien- und Verordnungsgeber oder einen anderen Gesetzgeber in Gesetzen oder Vorschriften, welchen der f\u00fcr die Verarbeitung Verantwortliche unterliegt, vorgesehen wurde.<\/p>\n\n\n\n<p>Entf\u00e4llt der Speicherungszweck oder l\u00e4uft eine vom Europ\u00e4ischen Richtlinien- und Verordnungsgeber oder einem anderen zust\u00e4ndigen Gesetzgeber vorgeschriebene Speicherfrist ab, werden die personenbezogenen Daten routinem\u00e4\u00dfig und entsprechend den gesetzlichen Vorschriften gesperrt oder gel\u00f6scht.<\/p>\n\n\n\n<p><strong>8. PR\u00c4SENZEN IN SOZIALEN NETZWERKEN (SOCIAL MEDIA)<\/strong><\/p>\n\n\n\n<p>Wir unterhalten Onlinepr\u00e4senzen innerhalb sozialer Netzwerke und verarbeiten in diesem Rahmen Daten der Nutzer, um mit den dort aktiven Nutzern zu kommunizieren oder um Informationen \u00fcber uns anzubieten.<\/p>\n\n\n\n<p>Wir weisen darauf hin, dass dabei Daten der Nutzer au\u00dferhalb des Raumes der Europ\u00e4ischen Union verarbeitet werden k\u00f6nnen. Hierdurch k\u00f6nnen sich f\u00fcr die Nutzer Risiken ergeben, weil so z.B. die Durchsetzung der Rechte der Nutzer erschwert werden k\u00f6nnte.<\/p>\n\n\n\n<p>Ferner werden die Daten der Nutzer innerhalb sozialer Netzwerke im Regelfall f\u00fcr Marktforschungs- und Werbezwecke verarbeitet. So k\u00f6nnen z.B. anhand des Nutzungsverhaltens und sich daraus ergebender Interessen der Nutzer Nutzungsprofile erstellt werden. Die Nutzungsprofile k\u00f6nnen wiederum verwendet werden, um z.B. Werbeanzeigen innerhalb und au\u00dferhalb der Netzwerke zu schalten, die mutma\u00dflich den Interessen der Nutzer entsprechen. Zu diesen Zwecken werden im Regelfall Cookies auf den Rechnern der Nutzer gespeichert, in denen das Nutzungsverhalten und die Interessen der Nutzer gespeichert werden. Ferner k\u00f6nnen in den Nutzungsprofilen auch Daten unabh\u00e4ngig der von den Nutzern verwendeten Ger\u00e4te gespeichert werden (insbesondere, wenn die Nutzer Mitglieder der jeweiligen Plattformen sind und bei diesen eingeloggt sind).<\/p>\n\n\n\n<p>F\u00fcr eine detaillierte Darstellung der jeweiligen Verarbeitungsformen und der Widerspruchsm\u00f6glichkeiten (Opt-Out) verweisen wir auf die Datenschutzerkl\u00e4rungen und Angaben der Betreiber der jeweiligen Netzwerke.<\/p>\n\n\n\n<p>Auch im Fall von Auskunftsanfragen und der Geltendmachung von Betroffenenrechten weisen wir darauf hin, dass diese am effektivsten bei den Anbietern geltend gemacht werden k\u00f6nnen. Nur die Anbieter haben jeweils Zugriff auf die Daten der Nutzer und k\u00f6nnen direkt entsprechende Ma\u00dfnahmen ergreifen und Ausk\u00fcnfte geben. Sollten Sie dennoch Hilfe ben\u00f6tigen, dann k\u00f6nnen Sie sich an uns wenden.<\/p>\n\n\n\n<p><strong>A) Verarbeitete Datenarten:<\/strong><br \/>Bestandsdaten (z.B. Namen, Adressen), Kontaktdaten (z.B. E-Mail, Telefonnummern), Inhaltsdaten (z.B. Eingaben in Onlineformularen), Nutzungsdaten (z.B. besuchte Webseiten, Interesse an Inhalten, Zugriffszeiten), Meta-\/Kommunikationsdaten (z.B. Ger\u00e4te-Informationen, IP-Adressen).<\/p>\n\n\n\n<p><strong>B) Betroffene Personen:<\/strong><br \/>Nutzer (z.B. Webseitenbesucher, Nutzer von Onlinediensten).<\/p>\n\n\n\n<p><strong>C) Zwecke der Verarbeitung:<\/strong><br \/>Kontaktanfragen und Kommunikation, Tracking (z.B. interessens-\/verhaltensbezogenes Profiling, Nutzung von Cookies), Remarketing, Reichweitenmessung (z.B. Zugriffsstatistiken, Erkennung wiederkehrender Besucher).<\/p>\n\n\n\n<p><strong>D) Rechtsgrundlagen:<\/strong><br \/>Berechtigte Interessen (s.u., Art. 6 Abs. 1 S. 1 lit. f. DSGVO).<\/p>\n\n\n\n<p><strong>E) Eingesetzte Dienste und Diensteanbieter:<\/strong><\/p>\n\n\n\n<p>Wir setzen auf unserer Webseite sog. Social-Media-Buttons (auch Social-Media-Plugins) ein. Hierbei handelt es sich um kleine Schaltfl\u00e4chen, mittels derer Sie Inhalte unserer Webseite in sozialen Netzwerken unter Ihrem Profil ver\u00f6ffentlichen k\u00f6nnen.<\/p>\n\n\n\n<p>Sofern Sie eine solche Schaltfl\u00e4che aktivieren, wird eine Verbindung zwischen unserer Webseite und dem betreffenden sozialem Netzwerk hergestellt. Neben den betreffenden Inhalten, erh\u00e4lt der Betreiber des sozialen Netzwerkes weitere zum Teil personenbezogene Information. Dazu geh\u00f6rt etwa der Umstand, dass Sie gerade unsere Seite besuchen.<\/p>\n\n\n\n<p>Die Einbindung der Social-Media-Buttons erfolgt unter Einsatz der sog. Shariff-L\u00f6sung. Diese L\u00f6sung verhindert, dass bereits eine Verbindung zu einem sozialen Netzwerk aufgebaut wird, nur weil Sie eine Seite mit einem Social-Media-Button aufrufen, ohne diesen zu aktivieren. Das bedeutet, dass erst dann Informationen an das soziale Netzwerk \u00fcbermittelt werden, wenn Sie die Schaltfl\u00e4che einsetzen.<\/p>\n\n\n\n<p>Die folgenden Social-Media-Plugins setzen wir ein:<\/p>\n\n\n\n<p><strong>a) Facebook<\/strong><br \/>Auf unseren Beitragsseiten wird \u00fcber das Shariff-Plugin die Teilen-Funktion des sozialen Netzwerks Facebook zur Verf\u00fcgung gestellt. Anbieter ist Facebook Inc., 1 Hacker Way, Menlo Park, California 94025, USA.<\/p>\n\n\n\n<p>Wenn Sie den Shariff-Button f\u00fcr Facebook anklicken, wird eine direkte Verbindung zwischen Ihrem Browser und dem Facebook-Server hergestellt. Facebook erh\u00e4lt dadurch die Information, dass Sie mit Ihrer IP-Adresse unsere Seite besucht haben. Wenn Sie den Facebook Button anklicken w\u00e4hrend Sie in Ihrem Facebook-Account eingeloggt sind, k\u00f6nnen Sie die Inhalte unserer Seiten auf Ihrem Facebook-Profil verlinken. Dadurch kann Facebook den Besuch unserer Seiten Ihrem Benutzerkonto zuordnen. Wir weisen darauf hin, dass wir als Anbieter der Seiten keine Kenntnis vom Inhalt der \u00fcbermittelten Daten sowie deren Nutzung durch Facebook erhalten. Weitere Informationen hierzu finden Sie in der Datenschutzerkl\u00e4rung von Facebook unter http:\/\/de-de.facebook.com\/policy.php.<\/p>\n\n\n\n<p><strong>b) WhatsApp<\/strong><br \/>Auf unseren Beitragsseiten verwenden wir einen Verweis (Link) auf den Nachrichtendienst WhatsApp des Anbieters WhatsApp Inc., 1601 Willow Road, Menlo Park, California 94025, USA.<\/p>\n\n\n\n<p>Der Verweis ist durch das WhatsApp-Logo kenntlich gemacht und erm\u00f6glicht das Teilen eines Artikels als pers\u00f6nliche Nachricht \u00fcber WhatsApp mittels Ihres Mobiltelefons.<\/p>\n\n\n\n<p>Wenn Sie den Shariff-Button mit dem WhatsApp-Logo anklicken, stellt Ihr Browser eine direkte Verbindung mit den Servern von WhatsApp her. Mit dieser Verbindung erf\u00e4hrt der Betreiber von WhatsApp, welcher Inhalt geteilt wird und dass der Share-Button auf unserer Webseite benutzt wurde. Weitere Informationen finden Sie in der Datenschutzerkl\u00e4rung von WhatsApp unter: <a href=\"https:\/\/www.whatsapp.com\/legal\/#Privacy\">https:\/\/www.whatsapp.com\/legal\/#Privacy<\/a><\/p>\n\n\n\n<p><strong>c) Google Maps<\/strong><br \/>Um Sie vor unerw\u00fcnschten Verbindungen mit externen Diensten von Google Maps zu sch\u00fctzen, nutzen wir das GDPR Map Tool der <a href=\"https:\/\/www.exovia.de\/\">Webdesign-Agentur exovia<\/a> aus Hamburg. Nach dem Freischalten der Karte werden von Google auch Daten \u00fcber die Nutzung der Kartenfunktionen durch Besucher erhoben, verarbeitet und genutzt. N\u00e4here Informationen \u00fcber die Datenverarbeitung durch Google k\u00f6nnen Sie <a href=\"http:\/\/www.google.com\/privacypolicy.html\" target=\"_blank\" rel=\"noreferrer noopener\">den Google-Datenschutzhinweisen<\/a> entnehmen. Dort k\u00f6nnen Sie im Datenschutzcenter auch Ihre pers\u00f6nlichen Datenschutz-Einstellungen ver\u00e4ndern.<\/p>\n\n\n\n<p>Ausf\u00fchrliche Anleitungen zur Verwaltung der eigenen Daten im Zusammenhang mit Google-Produkten<a href=\"http:\/\/www.dataliberation.org\/\" target=\"_blank\" rel=\"noreferrer noopener\"> finden Sie hier<\/a>.<\/p>\n\n\n\n<p><strong>9. RECHTE DER BETROFFENEN PERSON<\/strong><\/p>\n\n\n\n<p><strong>a) Recht auf Best\u00e4tigung<\/strong><br \/>Jede betroffene Person hat das vom Europ\u00e4ischen Richtlinien- und Verordnungsgeber einger\u00e4umte Recht, von dem f\u00fcr die Verarbeitung Verantwortlichen eine Best\u00e4tigung dar\u00fcber zu verlangen, ob sie betreffende personenbezogene Daten verarbeitet werden. M\u00f6chte eine betroffene Person dieses Best\u00e4tigungsrecht in Anspruch nehmen, kann sie sich hierzu jederzeit an einen Mitarbeiter des f\u00fcr die Verarbeitung Verantwortlichen wenden.<\/p>\n\n\n\n<p><strong>b) Recht auf Auskunft<\/strong><br \/>Jede von der Verarbeitung personenbezogener Daten betroffene Person hat das vom Europ\u00e4ischen Richtlinien- und Verordnungsgeber gew\u00e4hrte Recht, jederzeit von dem f\u00fcr die Verarbeitung Verantwortlichen unentgeltliche Auskunft \u00fcber die zu seiner Person gespeicherten personenbezogenen Daten und eine Kopie dieser Auskunft zu erhalten. Ferner hat der Europ\u00e4ische Richtlinien- und Verordnungsgeber der betroffenen Person Auskunft \u00fcber folgende Informationen zugestanden:<\/p>\n\n\n\n<ul class=\"wp-block-list\">\n<li>die Verarbeitungszwecke<\/li>\n\n\n\n<li>die Kategorien personenbezogener Daten, die verarbeitet werden<\/li>\n\n\n\n<li>die Empf\u00e4nger oder Kategorien von Empf\u00e4ngern, gegen\u00fcber denen die personenbezogenen Daten offengelegt worden sind oder noch offengelegt werden, insbesondere bei Empf\u00e4ngern in Drittl\u00e4ndern oder bei internationalen Organisationen<\/li>\n\n\n\n<li>falls m\u00f6glich die geplante Dauer, f\u00fcr die die personenbezogenen Daten gespeichert werden, oder, falls dies nicht m\u00f6glich ist, die Kriterien f\u00fcr die Festlegung dieser Dauer<\/li>\n\n\n\n<li>das Bestehen eines Rechts auf Berichtigung oder L\u00f6schung der sie betreffenden personenbezogenen Daten oder auf Einschr\u00e4nkung der Verarbeitung durch den Verantwortlichen oder eines Widerspruchsrechts gegen diese Verarbeitung<\/li>\n\n\n\n<li>das Bestehen eines Beschwerderechts bei einer Aufsichtsbeh\u00f6rde<\/li>\n\n\n\n<li>wenn die personenbezogenen Daten nicht bei der betroffenen Person erhoben werden: Alle verf\u00fcgbaren Informationen \u00fcber die Herkunft der Daten<\/li>\n\n\n\n<li>das Bestehen einer automatisierten Entscheidungsfindung einschlie\u00dflich Profiling gem\u00e4\u00df Artikel 22 Abs.1 und 4 DSGVO und \u2014 zumindest in diesen F\u00e4llen \u2014 aussagekr\u00e4ftige Informationen \u00fcber die involvierte Logik sowie die Tragweite und die angestrebten Auswirkungen einer derartigen Verarbeitung f\u00fcr die betroffene Person<\/li>\n\n\n\n<li>Ferner steht der betroffenen Person ein Auskunftsrecht dar\u00fcber zu, ob personenbezogene Daten an ein Drittland oder an eine internationale Organisation \u00fcbermittelt wurden. Sofern dies der Fall ist, so steht der betroffenen Person im \u00dcbrigen das Recht zu, Auskunft \u00fcber die geeigneten Garantien im Zusammenhang mit der \u00dcbermittlung zu erhalten.<\/li>\n\n\n\n<li>M\u00f6chte eine betroffene Person dieses Auskunftsrecht in Anspruch nehmen, kann sie sich hierzu jederzeit an einen Mitarbeiter des f\u00fcr die Verarbeitung Verantwortlichen wenden.<\/li>\n<\/ul>\n\n\n\n<p><strong>c) Recht auf Berichtigung<\/strong><br \/>Jede von der Verarbeitung personenbezogener Daten betroffene Person hat das vom Europ\u00e4ischen Richtlinien- und Verordnungsgeber gew\u00e4hrte Recht, die unverz\u00fcgliche Berichtigung sie betreffender unrichtiger personenbezogener Daten zu verlangen. Ferner steht der betroffenen Person das Recht zu, unter Ber\u00fccksichtigung der Zwecke der Verarbeitung, die Vervollst\u00e4ndigung unvollst\u00e4ndiger personenbezogener Daten \u2014 auch mittels einer erg\u00e4nzenden Erkl\u00e4rung \u2014 zu verlangen.<\/p>\n\n\n\n<p>M\u00f6chte eine betroffene Person dieses Berichtigungsrecht in Anspruch nehmen, kann sie sich hierzu jederzeit an einen Mitarbeiter des f\u00fcr die Verarbeitung Verantwortlichen wenden.<\/p>\n\n\n\n<p><strong>d) Recht auf L\u00f6schung (Recht auf Vergessenwerden)<\/strong><br \/>Jede von der Verarbeitung personenbezogener Daten betroffene Person hat das vom Europ\u00e4ischen Richtlinien- und Verordnungsgeber gew\u00e4hrte Recht, von dem Verantwortlichen zu verlangen, dass die sie betreffenden personenbezogenen Daten unverz\u00fcglich gel\u00f6scht werden, sofern einer der folgenden Gr\u00fcnde zutrifft und soweit die Verarbeitung nicht erforderlich ist:<\/p>\n\n\n\n<ul class=\"wp-block-list\">\n<li>Die personenbezogenen Daten wurden f\u00fcr solche Zwecke erhoben oder auf sonstige Weise verarbeitet, f\u00fcr welche sie nicht mehr notwendig sind.<\/li>\n\n\n\n<li>Die betroffene Person widerruft ihre Einwilligung, auf die sich die Verarbeitung gem\u00e4\u00df Art. 6 Abs. 1 lit. a DSGVO oder Art. 9 Abs. 2 lit. a DSGVO st\u00fctzte, und es fehlt an einer anderweitigen Rechtsgrundlage f\u00fcr die Verarbeitung.<\/li>\n\n\n\n<li>Die betroffene Person legt gem\u00e4\u00df Art. 21 Abs. 1 DSGVO Widerspruch gegen die Verarbeitung ein, und es liegen keine vorrangigen berechtigten Gr\u00fcnde f\u00fcr die Verarbeitung vor, oder die betroffene Person legt gem\u00e4\u00df Art. 21 Abs. 2 DSGVO Widerspruch gegen die Verarbeitung ein.<\/li>\n\n\n\n<li>Die personenbezogenen Daten wurden unrechtm\u00e4\u00dfig verarbeitet.<\/li>\n\n\n\n<li>Die L\u00f6schung der personenbezogenen Daten ist zur Erf\u00fcllung einer rechtlichen Verpflichtung nach dem Unionsrecht oder dem Recht der Mitgliedstaaten erforderlich, dem der Verantwortliche unterliegt.<\/li>\n\n\n\n<li>Die personenbezogenen Daten wurden in Bezug auf angebotene Dienste der Informationsgesellschaft gem\u00e4\u00df Art. 8 Abs. 1 DSGVO erhoben.<\/li>\n\n\n\n<li>Sofern einer der oben genannten Gr\u00fcnde zutrifft und eine betroffene Person die L\u00f6schung von personenbezogenen Daten, die bei der Dorfgemeinschaft Aschbach gespeichert sind, veranlassen m\u00f6chte, kann sie sich hierzu jederzeit an einen Mitarbeiter des f\u00fcr die Verarbeitung Verantwortlichen wenden. Der Mitarbeiter der Dorfgemeinschaft Aschbach wird veranlassen, dass dem L\u00f6schverlangen unverz\u00fcglich nachgekommen wird.<\/li>\n\n\n\n<li>Wurden die personenbezogenen Daten von der Dorfgemeinschaft Aschbach \u00f6ffentlich gemacht und sind wir als Verantwortliche gem\u00e4\u00df Art. 17 Abs. 1 DSGVO zur L\u00f6schung der personenbezogenen Daten verpflichtet, so trifft die Dorfgemeinschaft Aschbach unter Ber\u00fccksichtigung der verf\u00fcgbaren Technologie und der Implementierungskosten angemessene Ma\u00dfnahmen, auch technischer Art, um andere f\u00fcr die Datenverarbeitung Verantwortliche, welche die ver\u00f6ffentlichten personenbezogenen Daten verarbeiten, dar\u00fcber in Kenntnis zu setzen, dass die betroffene Person von diesen anderen f\u00fcr die Datenverarbeitung Verantwortlichen die L\u00f6schung s\u00e4mtlicher Links zu diesen personenbezogenen Daten oder von Kopien oder Replikationen dieser personenbezogenen Daten verlangt hat, soweit die Verarbeitung nicht erforderlich ist. Der Mitarbeiter der Dorfgemeinschaft Aschbach wird im Einzelfall das Notwendige veranlassen.<\/li>\n<\/ul>\n\n\n\n<p><strong>e) Recht auf Einschr\u00e4nkung der Verarbeitung<\/strong><br \/>Jede von der Verarbeitung personenbezogener Daten betroffene Person hat das vom Europ\u00e4ischen Richtlinien- und Verordnungsgeber gew\u00e4hrte Recht, von dem Verantwortlichen die Einschr\u00e4nkung der Verarbeitung zu verlangen, wenn eine der folgenden Voraussetzungen gegeben ist:<\/p>\n\n\n\n<ul class=\"wp-block-list\">\n<li>Die Richtigkeit der personenbezogenen Daten wird von der betroffenen Person bestritten, und zwar f\u00fcr eine Dauer, die es dem Verantwortlichen erm\u00f6glicht, die Richtigkeit der personenbezogenen Daten zu \u00fcberpr\u00fcfen.<\/li>\n\n\n\n<li>Die Verarbeitung ist unrechtm\u00e4\u00dfig, die betroffene Person lehnt die L\u00f6schung der personenbezogenen Daten ab und verlangt stattdessen die Einschr\u00e4nkung der Nutzung der personenbezogenen Daten.<\/li>\n\n\n\n<li>Der Verantwortliche ben\u00f6tigt die personenbezogenen Daten f\u00fcr die Zwecke der Verarbeitung nicht l\u00e4nger, die betroffene Person ben\u00f6tigt sie jedoch zur Geltendmachung, Aus\u00fcbung oder Verteidigung von Rechtsanspr\u00fcchen.<\/li>\n\n\n\n<li>Die betroffene Person hat Widerspruch gegen die Verarbeitung gem. Art. 21 Abs. 1 DSGVO eingelegt und es steht noch nicht fest, ob die berechtigten Gr\u00fcnde des Verantwortlichen gegen\u00fcber denen der betroffenen Person \u00fcberwiegen.<\/li>\n\n\n\n<li>Sofern eine der oben genannten Voraussetzungen gegeben ist und eine betroffene Person die Einschr\u00e4nkung von personenbezogenen Daten, die bei der Dorfgemeinschaft Aschbach gespeichert sind, verlangen m\u00f6chte, kann sie sich hierzu jederzeit an einen Mitarbeiter des f\u00fcr die Verarbeitung Verantwortlichen wenden. Der Mitarbeiter der Dorfgemeinschaft Aschbach wird die Einschr\u00e4nkung der Verarbeitung veranlassen.<\/li>\n<\/ul>\n\n\n\n<p><strong>f) Recht auf Daten\u00fcbertragbarkeit<\/strong><br \/>Jede von der Verarbeitung personenbezogener Daten betroffene Person hat das vom Europ\u00e4ischen Richtlinien- und Verordnungsgeber gew\u00e4hrte Recht, die sie betreffenden personenbezogenen Daten, welche durch die betroffene Person einem Verantwortlichen bereitgestellt wurden, in einem strukturierten, g\u00e4ngigen und maschinenlesbaren Format zu erhalten. Sie hat au\u00dferdem das Recht, diese Daten einem anderen Verantwortlichen ohne Behinderung durch den Verantwortlichen, dem die personenbezogenen Daten bereitgestellt wurden, zu \u00fcbermitteln, sofern die Verarbeitung auf der Einwilligung gem\u00e4\u00df Art. 6 Abs. 1 Buchstabe a DSGVO oder Art. 9 Abs. 2 Buchstabe a DSGVO oder auf einem Vertrag gem\u00e4\u00df Art. 6 Abs. 1 Buchstabe b DSGVO beruht und die Verarbeitung mithilfe automatisierter Verfahren erfolgt, sofern die Verarbeitung nicht f\u00fcr die Wahrnehmung einer Aufgabe erforderlich ist, die im \u00f6ffentlichen Interesse liegt oder in Aus\u00fcbung \u00f6ffentlicher Gewalt erfolgt, welche dem Verantwortlichen \u00fcbertragen wurde.<\/p>\n\n\n\n<p>Ferner hat die betroffene Person bei der Aus\u00fcbung ihres Rechts auf Daten\u00fcbertragbarkeit gem\u00e4\u00df Art. 20 Abs. 1 DSGVO das Recht, zu erwirken, dass die personenbezogenen Daten direkt von einem Verantwortlichen an einen anderen Verantwortlichen \u00fcbermittelt werden, soweit dies technisch machbar ist und sofern hiervon nicht die Rechte und Freiheiten anderer Personen beeintr\u00e4chtigt werden.<\/p>\n\n\n\n<p>Zur Geltendmachung des Rechts auf Daten\u00fcbertragbarkeit kann sich die betroffene Person jederzeit an einen Mitarbeiter der Dorfgemeinschaft Aschbach wenden.<\/p>\n\n\n\n<p><strong>g) Recht auf Widerspruch<\/strong><br \/>Jede von der Verarbeitung personenbezogener Daten betroffene Person hat das vom Europ\u00e4ischen Richtlinien- und Verordnungsgeber gew\u00e4hrte Recht, aus Gr\u00fcnden, die sich aus ihrer besonderen Situation ergeben, jederzeit gegen die Verarbeitung sie betreffender personenbezogener Daten, die aufgrund von Art. 6 Abs. 1 lit. e oder f DSGVO erfolgt, Widerspruch einzulegen. Dies gilt auch f\u00fcr ein auf diese Bestimmungen gest\u00fctztes Profiling.<\/p>\n\n\n\n<p>Die Dorfgemeinschaft Aschbach verarbeitet die personenbezogenen Daten im Falle des Widerspruchs nicht mehr, es sei denn, wir k\u00f6nnen zwingende schutzw\u00fcrdige Gr\u00fcnde f\u00fcr die Verarbeitung nachweisen, die den Interessen, Rechten und Freiheiten der betroffenen Person \u00fcberwiegen, oder die Verarbeitung dient der Geltendmachung, Aus\u00fcbung oder Verteidigung von Rechtsanspr\u00fcchen.<\/p>\n\n\n\n<p>Sollte die Dorfgemeinschaft Aschbach jemals personenbezogene Daten verwenden, um Direktwerbung zu betreiben, so hat die betroffene Person das Recht, jederzeit Widerspruch gegen die Verarbeitung der personenbezogenen Daten zum Zwecke derartiger Werbung einzulegen. Dies gilt auch f\u00fcr das Profiling, soweit es mit solcher Direktwerbung in Verbindung steht. Widerspricht die betroffene Person gegen\u00fcber der Dorfgemeinschaft Aschbach der Verarbeitung f\u00fcr Zwecke der Direktwerbung, so wird die Dorfgemeinschaft Aschbach die personenbezogenen Daten nicht mehr f\u00fcr diese Zwecke verarbeiten.<\/p>\n\n\n\n<p>Zudem hat die betroffene Person das Recht, aus Gr\u00fcnden, die sich aus ihrer besonderen Situation ergeben, gegen die sie betreffende Verarbeitung personenbezogener Daten, die bei der Dorfgemeinschaft Aschbach zu wissenschaftlichen oder historischen Forschungszwecken oder zu statistischen Zwecken gem\u00e4\u00df Art. 89 Abs. 1 DSGVO erfolgen, Widerspruch einzulegen, es sei denn, eine solche Verarbeitung ist zur Erf\u00fcllung einer im \u00f6ffentlichen Interesse liegenden Aufgabe erforderlich.<\/p>\n\n\n\n<p>Zur Aus\u00fcbung des Rechts auf Widerspruch kann sich die betroffene Person direkt an jeden Mitarbeiter der Dorfgemeinschaft Aschbach wenden. Der betroffenen Person steht es ferner frei, im Zusammenhang mit der Nutzung von Diensten der Informationsgesellschaft, ungeachtet der Richtlinie 2002\/58\/EG, ihr Widerspruchsrecht mittels automatisierter Verfahren auszu\u00fcben, bei denen technische Spezifikationen verwendet werden.<\/p>\n\n\n\n<p><strong>i) Recht auf Widerruf einer datenschutzrechtlichen Einwilligung<\/strong><br \/>Jede von der Verarbeitung personenbezogener Daten betroffene Person hat das vom Europ\u00e4ischen Richtlinien- und Verordnungsgeber gew\u00e4hrte Recht, eine Einwilligung zur Verarbeitung personenbezogener Daten jederzeit zu widerrufen.<\/p>\n\n\n\n<p>M\u00f6chte die betroffene Person ihr Recht auf Widerruf einer Einwilligung geltend machen, kann sie sich hierzu jederzeit an einen Mitarbeiter des f\u00fcr die Verarbeitung Verantwortlichen wenden.<\/p>\n\n\n\n<p><strong>10. RECHTSGRUNDLAGE DER VERARBEITUNG<\/strong><\/p>\n\n\n\n<p>Art. 6 I lit. a DSGVO dient uns als Rechtsgrundlage f\u00fcr Verarbeitungsvorg\u00e4nge, bei denen wir eine Einwilligung f\u00fcr einen bestimmten Verarbeitungszweck einholen. Ist die Verarbeitung personenbezogener Daten zur Erf\u00fcllung eines Vertrags, dessen Vertragspartei die betroffene Person ist, erforderlich, wie dies beispielsweise bei Verarbeitungsvorg\u00e4ngen der Fall ist, die f\u00fcr eine Lieferung von Waren oder die Erbringung einer sonstigen Leistung oder Gegenleistung notwendig sind, so beruht die Verarbeitung auf Art. 6 I lit. b DSGVO. Gleiches gilt f\u00fcr solche Verarbeitungsvorg\u00e4nge die zur Durchf\u00fchrung vorvertraglicher Ma\u00dfnahmen erforderlich sind, etwa in F\u00e4llen von Anfragen zu unseren Produkten oder Leistungen. Unterliegen wir einer rechtlichen Verpflichtung durch welche eine Verarbeitung von personenbezogenen Daten erforderlich wird, wie beispielsweise zur Erf\u00fcllung steuerlicher Pflichten, so basiert die Verarbeitung auf Art. 6 I lit. c DSGVO.&nbsp;<\/p>\n\n\n\n<p>In seltenen F\u00e4llen k\u00f6nnte die Verarbeitung von personenbezogenen Daten erforderlich werden, um lebenswichtige Interessen der betroffenen Person oder einer anderen nat\u00fcrlichen Person zu sch\u00fctzen. Dies w\u00e4re beispielsweise der Fall, wenn ein Besucher in unserem Betrieb verletzt werden w\u00fcrde und daraufhin sein Name, sein Alter, seine Krankenkassendaten oder sonstige lebenswichtige Informationen an einen Arzt, ein Krankenhaus oder sonstige Dritte weitergegeben werden m\u00fcssten. Dann w\u00fcrde die Verarbeitung auf Art. 6 I lit. d DSGVO beruhen.&nbsp;<\/p>\n\n\n\n<p>Letztlich k\u00f6nnten Verarbeitungsvorg\u00e4nge auf Art. 6 I lit. f DSGVO beruhen. Auf dieser Rechtsgrundlage basieren Verarbeitungsvorg\u00e4nge, die von keiner der vorgenannten Rechtsgrundlagen erfasst werden, wenn die Verarbeitung zur Wahrung eines berechtigten Interesses unserer Gemeinschaft oder eines Dritten erforderlich ist, sofern die Interessen, Grundrechte und Grundfreiheiten des Betroffenen nicht \u00fcberwiegen. Solche Verarbeitungsvorg\u00e4nge sind uns insbesondere deshalb gestattet, weil sie durch den Europ\u00e4ischen Gesetzgeber besonders erw\u00e4hnt wurden. Er vertrat insoweit die Auffassung, dass ein berechtigtes Interesse anzunehmen sein k\u00f6nnte, wenn die betroffene Person ein Kunde des Verantwortlichen ist (Erw\u00e4gungsgrund 47 Satz 2 DSGVO).<\/p>\n\n\n\n<p><strong>11. BERECHTIGTE INTERESSEN AN DER VERARBEITUNG, DIE VON DEM VERANTWORTLICHEN ODER EINEM DRITTEN VERFOLGT WERDEN<\/strong><\/p>\n\n\n\n<p>Basiert die Verarbeitung personenbezogener Daten auf Artikel 6 I lit. f DSGVO, ist unser berechtigtes Interesse die Durchf\u00fchrung unserer Gesch\u00e4ftst\u00e4tigkeit zugunsten des Wohlergehens all unserer Mitarbeiter und unserer Anteilseigner.<\/p>\n\n\n\n<p><strong>12. DAUER, F\u00dcR DIE DIE PERSONENBEZOGENEN DATEN GESPEICHERT WERDEN<\/strong><\/p>\n\n\n\n<p>Das Kriterium f\u00fcr die Dauer der Speicherung von personenbezogenen Daten ist die jeweilige gesetzliche Aufbewahrungsfrist. Nach Ablauf der Frist werden die entsprechenden Daten routinem\u00e4\u00dfig gel\u00f6scht, sofern sie nicht mehr zur Vertragserf\u00fcllung oder Vertragsanbahnung erforderlich sind.<\/p>\n\n\n\n<p><strong>13. GESETZLICHE ODER VERTRAGLICHE VORSCHRIFTEN ZUR BEREITSTELLUNG DER PERSONENBEZOGENEN DATEN; ERFORDERLICHKEIT F\u00dcR DEN VERTRAGSABSCHLUSS; VERPFLICHTUNG DER BETROFFENEN PERSON, DIE PERSONENBEZOGENEN DATEN BEREITZUSTELLEN; M\u00d6GLICHE FOLGEN DER NICHTBEREITSTELLUNG<\/strong><\/p>\n\n\n\n<p>Wir kl\u00e4ren Sie dar\u00fcber auf, dass die Bereitstellung personenbezogener Daten zum Teil gesetzlich vorgeschrieben ist (z.B. Steuervorschriften) oder sich auch aus vertraglichen Regelungen (z.B. Angaben zum Vertragspartner) ergeben kann. Mitunter kann es zu einem Vertragsschluss erforderlich sein, dass eine betroffene Person uns personenbezogene Daten zur Verf\u00fcgung stellt, die in der Folge durch uns verarbeitet werden m\u00fcssen. Die betroffene Person ist beispielsweise verpflichtet uns personenbezogene Daten bereitzustellen, wenn wir mit ihr einen Vertrag abschlie\u00dfen. Eine Nichtbereitstellung der personenbezogenen Daten h\u00e4tte zur Folge, dass der Vertrag mit dem Betroffenen nicht geschlossen werden k\u00f6nnte. Vor einer Bereitstellung personenbezogener Daten durch den Betroffenen muss sich der Betroffene an einen unserer Mitarbeiter wenden. Unser Mitarbeiter kl\u00e4rt den Betroffenen einzelfallbezogen dar\u00fcber auf, ob die Bereitstellung der personenbezogenen Daten gesetzlich oder vertraglich vorgeschrieben oder f\u00fcr den Vertragsabschluss erforderlich ist, ob eine Verpflichtung besteht, die personenbezogenen Daten bereitzustellen, und welche Folgen die Nichtbereitstellung der personenbezogenen Daten h\u00e4tte.<\/p>\n\n\n\n<p><strong>14. BESTEHEN EINER AUTOMATISIERTEN ENTSCHEIDUNGSFINDUNG<\/strong><\/p>\n\n\n\n<p>Als verantwortungsbewusstes Dorf verzichten wir auf eine automatische Entscheidungsfindung oder ein Profiling.<\/p>\n<div class=\"shariff shariff-align-flex-start shariff-widget-align-flex-start\"><ul class=\"shariff-buttons theme-round orientation-horizontal buttonsize-medium\"><li class=\"shariff-button mailto shariff-nocustomcolor\" style=\"background-color:#a8a8a8\"><a href=\"mailto:?body=https%3A%2F%2Funser-aschbach.de%2Fstaging2025%2Fdatenschutzerklaerung%2F&subject=Datenschutzerkl%C3%A4rung\" title=\"Per E-Mail versenden\" aria-label=\"Per E-Mail versenden\" role=\"button\" rel=\"noopener nofollow\" class=\"shariff-link\" style=\"; background-color:#999; color:#fff\"><span class=\"shariff-icon\" style=\"\"><svg width=\"32px\" height=\"20px\" xmlns=\"http:\/\/www.w3.org\/2000\/svg\" viewBox=\"0 0 32 32\"><path fill=\"#999\" d=\"M32 12.7v14.2q0 1.2-0.8 2t-2 0.9h-26.3q-1.2 0-2-0.9t-0.8-2v-14.2q0.8 0.9 1.8 1.6 6.5 4.4 8.9 6.1 1 0.8 1.6 1.2t1.7 0.9 2 0.4h0.1q0.9 0 2-0.4t1.7-0.9 1.6-1.2q3-2.2 8.9-6.1 1-0.7 1.8-1.6zM32 7.4q0 1.4-0.9 2.7t-2.2 2.2q-6.7 4.7-8.4 5.8-0.2 0.1-0.7 0.5t-1 0.7-0.9 0.6-1.1 0.5-0.9 0.2h-0.1q-0.4 0-0.9-0.2t-1.1-0.5-0.9-0.6-1-0.7-0.7-0.5q-1.6-1.1-4.7-3.2t-3.6-2.6q-1.1-0.7-2.1-2t-1-2.5q0-1.4 0.7-2.3t2.1-0.9h26.3q1.2 0 2 0.8t0.9 2z\"\/><\/svg><\/span><\/a><\/li><li class=\"shariff-button facebook shariff-nocustomcolor\" style=\"background-color:#4273c8\"><a href=\"https:\/\/www.facebook.com\/sharer\/sharer.php?u=https%3A%2F%2Funser-aschbach.de%2Fstaging2025%2Fdatenschutzerklaerung%2F\" title=\"Bei Facebook teilen\" aria-label=\"Bei Facebook teilen\" role=\"button\" rel=\"nofollow\" class=\"shariff-link\" style=\"; background-color:#3b5998; color:#fff\" target=\"_blank\"><span class=\"shariff-icon\" style=\"\"><svg width=\"32px\" height=\"20px\" xmlns=\"http:\/\/www.w3.org\/2000\/svg\" viewBox=\"0 0 18 32\"><path fill=\"#3b5998\" d=\"M17.1 0.2v4.7h-2.8q-1.5 0-2.1 0.6t-0.5 1.9v3.4h5.2l-0.7 5.3h-4.5v13.6h-5.5v-13.6h-4.5v-5.3h4.5v-3.9q0-3.3 1.9-5.2t5-1.8q2.6 0 4.1 0.2z\"\/><\/svg><\/span><\/a><\/li><li class=\"shariff-button whatsapp shariff-nocustomcolor\" style=\"background-color:#5cbe4a\"><a href=\"https:\/\/api.whatsapp.com\/send?text=https%3A%2F%2Funser-aschbach.de%2Fstaging2025%2Fdatenschutzerklaerung%2F%20Datenschutzerkl%C3%A4rung\" title=\"Bei Whatsapp teilen\" aria-label=\"Bei Whatsapp teilen\" role=\"button\" rel=\"noopener nofollow\" class=\"shariff-link\" style=\"; background-color:#34af23; color:#fff\" target=\"_blank\"><span class=\"shariff-icon\" style=\"\"><svg width=\"32px\" height=\"20px\" xmlns=\"http:\/\/www.w3.org\/2000\/svg\" viewBox=\"0 0 32 32\"><path fill=\"#34af23\" d=\"M17.6 17.4q0.2 0 1.7 0.8t1.6 0.9q0 0.1 0 0.3 0 0.6-0.3 1.4-0.3 0.7-1.3 1.2t-1.8 0.5q-1 0-3.4-1.1-1.7-0.8-3-2.1t-2.6-3.3q-1.3-1.9-1.3-3.5v-0.1q0.1-1.6 1.3-2.8 0.4-0.4 0.9-0.4 0.1 0 0.3 0t0.3 0q0.3 0 0.5 0.1t0.3 0.5q0.1 0.4 0.6 1.6t0.4 1.3q0 0.4-0.6 1t-0.6 0.8q0 0.1 0.1 0.3 0.6 1.3 1.8 2.4 1 0.9 2.7 1.8 0.2 0.1 0.4 0.1 0.3 0 1-0.9t0.9-0.9zM14 26.9q2.3 0 4.3-0.9t3.6-2.4 2.4-3.6 0.9-4.3-0.9-4.3-2.4-3.6-3.6-2.4-4.3-0.9-4.3 0.9-3.6 2.4-2.4 3.6-0.9 4.3q0 3.6 2.1 6.6l-1.4 4.2 4.3-1.4q2.8 1.9 6.2 1.9zM14 2.2q2.7 0 5.2 1.1t4.3 2.9 2.9 4.3 1.1 5.2-1.1 5.2-2.9 4.3-4.3 2.9-5.2 1.1q-3.5 0-6.5-1.7l-7.4 2.4 2.4-7.2q-1.9-3.2-1.9-6.9 0-2.7 1.1-5.2t2.9-4.3 4.3-2.9 5.2-1.1z\"\/><\/svg><\/span><\/a><\/li><\/ul><\/div>","protected":false},"excerpt":{"rendered":"<p>Wir freuen uns sehr \u00fcber Ihr Interesse an Aschbach!Datenschutz hat einen besonders hohen Stellenwert f\u00fcr uns. Deshalb kl\u00e4rt Sie diese Datenschutzerkl\u00e4rung ausf\u00fchrlich \u00fcber die Art, den Umfang und den Zweck von personenbezogenen Daten innerhalb unseres Online-Angebots auf.&nbsp; Zun\u00e4chst aber das Wichtigste:&nbsp; Eine Nutzung der Internetseiten der Dorfgemeinschaft Aschbach ist grunds\u00e4tzlich ohne jede Angabe personenbezogener Daten&#8230;<\/p>\n<p> <a class=\"continue-reading-link\" href=\"https:\/\/unser-aschbach.de\/staging2025\/datenschutzerklaerung\/\"><span>weiterlesen<\/span><i class=\"crycon-right-dir\"><\/i><\/a> <\/p>\n","protected":false},"author":1,"featured_media":0,"parent":0,"menu_order":0,"comment_status":"closed","ping_status":"closed","template":"","meta":{"jetpack_post_was_ever_published":false,"footnotes":""},"class_list":["post-2590","page","type-page","status-publish","hentry"],"jetpack_shortlink":"https:\/\/wp.me\/PggZrZ-FM","jetpack-related-posts":[{"id":37,"url":"https:\/\/unser-aschbach.de\/staging2025\/impressum-2\/","url_meta":{"origin":2590,"position":0},"title":"Impressum","author":"Someone","date":"20. Oktober 2014","format":false,"excerpt":"Angaben gem\u00e4\u00df \u00a7 5 TMG: Peter Hempelin Zusammenarbeit mit und im Auftrag des Ortsrats Aschbach Am M\u00fchlenberg 2766822 Lebach Kontakt:\u00a0kontakt@unser-aschbach.de Rechtshinweis: Die Betreiber von dieser Website pr\u00fcfen und aktualisieren die Informationen auf ihrer Website st\u00e4ndig. Trotz aller Sorgfalt k\u00f6nnen sich die Daten inzwischen ver\u00e4ndert haben. Eine Haftung oder Garantie f\u00fcr\u2026","rel":"","context":"\u00c4hnlicher Beitrag","block_context":{"text":"\u00c4hnlicher Beitrag","link":""},"img":{"alt_text":"","src":"","width":0,"height":0},"classes":[]},{"id":752,"url":"https:\/\/unser-aschbach.de\/staging2025\/unser-ort\/chronik-von-aschbach\/","url_meta":{"origin":2590,"position":1},"title":"Chronik von Aschbach","author":"Someone","date":"4. Januar 2015","format":false,"excerpt":"Die Chronik von Aschbach beginnt mit folgender Einleitung (Zitat): Diese Chronik beginnt mit dem Ende des Jahres 1948. Der Chronist will vor allem berichten. Hin und Wieder wird auch sein eigenes Urteil \u00fcber Geschehnisse und Probleme der Schule und Gemeinde Aschbach durchleuchten. Er wird allerdings versuchen, seine Ansicht und Meinung\u2026","rel":"","context":"\u00c4hnlicher Beitrag","block_context":{"text":"\u00c4hnlicher Beitrag","link":""},"img":{"alt_text":"","src":"","width":0,"height":0},"classes":[]},{"id":3091,"url":"https:\/\/unser-aschbach.de\/staging2025\/wie-war-das-noch-damals\/ueber-das-telefonieren\/","url_meta":{"origin":2590,"position":2},"title":"\u00dcber das Telefonieren","author":"Someone","date":"23. Dezember 2018","format":false,"excerpt":"Die Poststellen, es gab sie damals noch in jedem Ort, waren die offiziellen Anlaufstellen zum Telefonieren. Man meldete am Postschalter ein Gespr\u00e4ch an, bekam dann eine Telefonzelle zugeteilt, und f\u00fchrte\u00a0 sein Telefonat. Dar\u00fcberhinaus gab es einige Haushalte in Aschbach- meist Gesch\u00e4ftsleute - , die schon einen eigenen Telefonanschluss besa\u00dfen.\u00a0 Wenn\u2026","rel":"","context":"\u00c4hnlicher Beitrag","block_context":{"text":"\u00c4hnlicher Beitrag","link":""},"img":{"alt_text":"","src":"https:\/\/i0.wp.com\/unser-aschbach.de\/staging2025\/wp-content\/uploads\/2018\/12\/letzte-Telefonzelle.jpg?fit=686%2C457&ssl=1&resize=350%2C200","width":350,"height":200,"srcset":"https:\/\/i0.wp.com\/unser-aschbach.de\/staging2025\/wp-content\/uploads\/2018\/12\/letzte-Telefonzelle.jpg?fit=686%2C457&ssl=1&resize=350%2C200 1x, https:\/\/i0.wp.com\/unser-aschbach.de\/staging2025\/wp-content\/uploads\/2018\/12\/letzte-Telefonzelle.jpg?fit=686%2C457&ssl=1&resize=525%2C300 1.5x"},"classes":[]},{"id":502,"url":"https:\/\/unser-aschbach.de\/staging2025\/fotoalbum\/","url_meta":{"origin":2590,"position":3},"title":"Fotoalbum","author":"Someone","date":"26. November 2014","format":false,"excerpt":"Hinweis Auf dieser Seite ver\u00f6ffentlichen wir Fotos, die in Aschbach aufgenommen wurden und Eindr\u00fccke von unserem Ort vermitteln sollen. Wir wollen mit den Fotos \u00a0zum einen gegenw\u00e4rtige und vergangene besondere Ereignisse\u00a0festhalten, zum anderen den strukturellen Wandel, den unser Ort seit dem Ende des 2. Weltkrieges erfahren hat, dokumentieren.\u00a0\u00a0Wir sind uns\u2026","rel":"","context":"\u00c4hnlicher Beitrag","block_context":{"text":"\u00c4hnlicher Beitrag","link":""},"img":{"alt_text":"","src":"","width":0,"height":0},"classes":[]},{"id":1124,"url":"https:\/\/unser-aschbach.de\/staging2025\/vereine-2\/der-turnverein-1977-aschbach-e-v\/","url_meta":{"origin":2590,"position":4},"title":"Der Turnverein 1977 Aschbach e.V.","author":"Someone","date":"12. M\u00e4rz 2015","format":false,"excerpt":"Der Turnverein 1977 Aschbach e.V. hei\u00dft Sie herzlich willkommen Informieren Sie sich \u00fcber unseren Verein und unsere aktuellen Sportangebote. Wir sind ein Breitensportverein f\u00fcr alle Altersgruppen. Bei uns gibt es nicht nur Kinder-, Frauen- und Seniorenturnen, sondern auch noch eine Menge mehr zu entdecken. Wir bieten V\u00f6lkerball, Schau- und Gardetanz,\u2026","rel":"","context":"\u00c4hnlicher Beitrag","block_context":{"text":"\u00c4hnlicher Beitrag","link":""},"img":{"alt_text":"Logo Turnverein","src":"https:\/\/i0.wp.com\/unser-aschbach.de\/staging2025\/wp-content\/uploads\/2015\/03\/Logo-Turnverein.jpg?resize=350%2C200&ssl=1","width":350,"height":200},"classes":[]}],"jetpack_sharing_enabled":true,"_links":{"self":[{"href":"https:\/\/unser-aschbach.de\/staging2025\/wp-json\/wp\/v2\/pages\/2590","targetHints":{"allow":["GET"]}}],"collection":[{"href":"https:\/\/unser-aschbach.de\/staging2025\/wp-json\/wp\/v2\/pages"}],"about":[{"href":"https:\/\/unser-aschbach.de\/staging2025\/wp-json\/wp\/v2\/types\/page"}],"author":[{"embeddable":true,"href":"https:\/\/unser-aschbach.de\/staging2025\/wp-json\/wp\/v2\/users\/1"}],"replies":[{"embeddable":true,"href":"https:\/\/unser-aschbach.de\/staging2025\/wp-json\/wp\/v2\/comments?post=2590"}],"version-history":[{"count":4,"href":"https:\/\/unser-aschbach.de\/staging2025\/wp-json\/wp\/v2\/pages\/2590\/revisions"}],"predecessor-version":[{"id":6032,"href":"https:\/\/unser-aschbach.de\/staging2025\/wp-json\/wp\/v2\/pages\/2590\/revisions\/6032"}],"wp:attachment":[{"href":"https:\/\/unser-aschbach.de\/staging2025\/wp-json\/wp\/v2\/media?parent=2590"}],"curies":[{"name":"wp","href":"https:\/\/api.w.org\/{rel}","templated":true}]}}